{"id":2139,"date":"2025-02-15T16:34:02","date_gmt":"2025-02-15T15:34:02","guid":{"rendered":"https:\/\/www.leydolt.at\/?page_id=2139"},"modified":"2025-05-20T19:53:04","modified_gmt":"2025-05-20T17:53:04","slug":"wissenswertes","status":"publish","type":"page","link":"https:\/\/www.leydolt.at\/en\/wissenswertes\/","title":{"rendered":"Wissenswertes"},"content":{"rendered":"<div class=\"fusion-fullwidth fullwidth-box fusion-builder-row-1 fusion-flex-container nonhundred-percent-fullwidth non-hundred-percent-height-scrolling\" style=\"background-color: rgba(255,255,255,0);background-position: center center;background-repeat: no-repeat;border-width: 0px 0px 0px 0px;border-color:#e2e2e2;border-style:solid;\" ><div class=\"fusion-builder-row fusion-row fusion-flex-align-items-flex-start\" style=\"max-width:1248px;margin-left: calc(-4% \/ 2 );margin-right: calc(-4% \/ 2 );\"><div class=\"fusion-layout-column fusion_builder_column fusion-builder-column-0 fusion_builder_column_1_1 1_1 fusion-flex-column\"><div class=\"fusion-column-wrapper fusion-flex-justify-content-flex-start fusion-content-layout-column\" style=\"background-position:left top;background-repeat:no-repeat;-webkit-background-size:cover;-moz-background-size:cover;-o-background-size:cover;background-size:cover;padding: 0px 0px 0px 0px;\"><div class=\"fusion-blog-shortcode fusion-blog-shortcode-1 fusion-blog-archive fusion-blog-layout-medium fusion-blog-pagination\"><div class=\"fusion-posts-container fusion-posts-container-pagination fusion-blog-rollover\" data-pages=\"2\"><article id=\"blog-1-post-2882\" class=\"fusion-post-medium post-2882 post type-post status-publish format-standard has-post-thumbnail hentry category-presse\">\n\t<style type=\"text\/css\">\n\t\t\n\t\t\n\t\t\n\t\t\n\t\t\t<\/style>\n\n\n\t\t\t<div class=\"fusion-flexslider flexslider fusion-flexslider-loading fusion-post-slideshow\" style=\"\">\n\t\t<ul class=\"slides\">\n\t\t\t\n\t\t\t\t\t\t\t\t\t\t\t\t\t\t<li>\n\n<div  class=\"fusion-image-wrapper fusion-image-size-fixed\" aria-haspopup=\"true\">\n\t\n\t\n\t\n\t\t\n\t\t\t\t\t<img decoding=\"async\" width=\"320\" height=\"202\" src=\"https:\/\/www.leydolt.at\/wp-content\/uploads\/2026\/03\/Beliebteste-Aerzte-Oesterreichs-2026-Auszeichnung-Augenaerztin-Wien-Kataraktchirurgie-Premiumlinsen-e1774357958904-320x202.png\" class=\"attachment-blog-medium size-blog-medium wp-post-image\" alt=\"Beliebteste \u00c4rzte \u00d6sterreichs 2026 Auszeichnung Augen\u00e4rztin Wien Kataraktchirurgie Premiumlinsen\" \/>\n\t\n\n\t\t<div class=\"fusion-rollover\">\n\t<div class=\"fusion-rollover-content\">\n\n\t\t\t\t\t\t\t\t\t\t\t\t\t\t<a class=\"fusion-rollover-link\" href=\"https:\/\/www.leydolt.at\/en\/beliebteste-augenaerztin-oesterreich-2026-wien-katarakt\/\">Beliebteste Augen\u00e4rztin \u00d6sterreich 2026 \u2013 Kataraktchirurgie &#038; Premiumlinsen in Wien<\/a>\n\t\t\t\n\t\t\t\t\t\t\t\t\t\t\t\t\t\t\n\t\t\t\t\t\t\t\t\n\t\t\t\t\t\t\t\t\t\t\t\t\t<div class=\"fusion-rollover-sep\"><\/div>\n\t\t\t\t\n\t\t\t\t\t\t\t\t\t\t\t\t\t\t\t\t\t\t<a class=\"fusion-rollover-gallery\" href=\"https:\/\/www.leydolt.at\/wp-content\/uploads\/2026\/03\/Beliebteste-Aerzte-Oesterreichs-2026-Auszeichnung-Augenaerztin-Wien-Kataraktchirurgie-Premiumlinsen-e1774357958904.png\" data-id=\"2882\" data-rel=\"iLightbox[gallery]\" data-title=\"Beliebteste A\u0308rzte O\u0308sterreichs 2026 Auszeichnung Augena\u0308rztin Wien Kataraktchirurgie Premiumlinsen\" data-caption=\"\">\n\t\t\t\t\t\tGallery\t\t\t\t\t<\/a>\n\t\t\t\t\t\t\t\t\t\t\t\t\t\t\n\t\t\t\t\n\t\t\t\t\t\t\t\t\t\t\t\t<h4 class=\"fusion-rollover-title\">\n\t\t\t\t\t<a class=\"fusion-rollover-title-link\" href=\"https:\/\/www.leydolt.at\/en\/beliebteste-augenaerztin-oesterreich-2026-wien-katarakt\/\">\n\t\t\t\t\t\tBeliebteste Augen\u00e4rztin \u00d6sterreich 2026 \u2013 Kataraktchirurgie &#038; Premiumlinsen in Wien\t\t\t\t\t<\/a>\n\t\t\t\t<\/h4>\n\t\t\t\n\t\t\t\t\t\t\t\t\t\t\t\t\t\t<div class=\"fusion-rollover-categories\"><a href=\"https:\/\/www.leydolt.at\/en\/category\/presse\/\" rel=\"tag\">Presse<\/a><\/div>\t\t\t\t\t\n\t\t\n\t\t\t\t<a class=\"fusion-link-wrapper\" href=\"https:\/\/www.leydolt.at\/en\/beliebteste-augenaerztin-oesterreich-2026-wien-katarakt\/\" aria-label=\"Beliebteste Augen\u00e4rztin \u00d6sterreich 2026 \u2013 Kataraktchirurgie &#038; Premiumlinsen in Wien\"><\/a>\n\t<\/div>\n<\/div>\n\n\t\n<\/div>\n<\/li>\n\t\t\t\n\t\t\t\n\t\t\t\t\t\t\t\t\t\t\t\t\t\t\t\t\t\t\t\t\t\t\t\t\t\t\t\t\t\t\t\t\t\t\t\t\t\t\t\t\t\t\t\t\t\t\t\t\t\t\t\t\t\t\t\t\t\t\t\t\t\t\t\t\t\t\t\t<\/ul>\n\t<\/div>\n\t<div class=\"fusion-post-content post-content\"><h2 class=\"blog-shortcode-post-title entry-title\"><a href=\"https:\/\/www.leydolt.at\/en\/beliebteste-augenaerztin-oesterreich-2026-wien-katarakt\/\">Beliebteste Augen\u00e4rztin \u00d6sterreich 2026 \u2013 Kataraktchirurgie &#038; Premiumlinsen in Wien<\/a><\/h2><div class=\"fusion-post-content-container\"><p>Ausgezeichnet als eine der beliebtesten Augen\u00e4rztinnen \u00d6sterreichs Ich freue mich sehr, im Rahmen der Auszeichnung \u201eBeliebteste \u00c4rzte \u00d6sterreichs 2026\u201c zu den beliebtesten Augen\u00e4rztinnen des Landes gew\u00e4hlt worden zu sein \u2013 und damit auch als beliebteste [...]<\/p><\/div><\/div><div class=\"fusion-clearfix\"><\/div><div class=\"fusion-meta-info\"><div class=\"fusion-alignleft\">By <span><a href=\"https:\/\/www.leydolt.at\/en\/author\/christina\/\" title=\"Posts by Christina Leydolt\" rel=\"author\">Christina Leydolt<\/a><\/span><span class=\"fusion-inline-sep\">|<\/span><span class=\"updated\" style=\"display:none;\">2026-03-24T14:14:38+01:00<\/span><span>24.03.2026<\/span><span class=\"fusion-inline-sep\">|<\/span><a href=\"https:\/\/www.leydolt.at\/en\/category\/presse\/\" rel=\"category tag\">Presse<\/a><span class=\"fusion-inline-sep\">|<\/span><\/div><div class=\"fusion-alignright\"><a class=\"fusion-read-more\" href=\"https:\/\/www.leydolt.at\/en\/beliebteste-augenaerztin-oesterreich-2026-wien-katarakt\/\" aria-label=\"More on Beliebteste Augen\u00e4rztin \u00d6sterreich 2026 \u2013 Kataraktchirurgie &#038; Premiumlinsen in Wien\">Read More<\/a><\/div><\/div><\/article>\n<article id=\"blog-1-post-2869\" class=\"fusion-post-medium post-2869 post type-post status-publish format-standard has-post-thumbnail hentry category-graue-star-operation\">\n\t<style type=\"text\/css\">\n\t\t\n\t\t\n\t\t\n\t\t\n\t\t\t<\/style>\n\n\n\t\t\t<div class=\"fusion-flexslider flexslider fusion-flexslider-loading fusion-post-slideshow\" style=\"\">\n\t\t<ul class=\"slides\">\n\t\t\t\n\t\t\t\t\t\t\t\t\t\t\t\t\t\t<li>\n\n<div  class=\"fusion-image-wrapper fusion-image-size-fixed\" aria-haspopup=\"true\">\n\t\n\t\n\t\n\t\t\n\t\t\t\t\t<img decoding=\"async\" width=\"320\" height=\"202\" src=\"https:\/\/www.leydolt.at\/wp-content\/uploads\/2025\/08\/schwarze-schatten-nach-grauer-star-op-320x202.jpg\" class=\"attachment-blog-medium size-blog-medium wp-post-image\" alt=\"Patientin sieht nach Kataraktoperation dunklen Schatten am Rand des Blickfelds \u2013 Erkl\u00e4rung durch Augen\u00e4rztin in Wien\" srcset=\"https:\/\/www.leydolt.at\/wp-content\/uploads\/2025\/08\/schwarze-schatten-nach-grauer-star-op-320x202.jpg 320w, https:\/\/www.leydolt.at\/wp-content\/uploads\/2025\/08\/schwarze-schatten-nach-grauer-star-op-700x441.jpg 700w\" sizes=\"(max-width: 320px) 100vw, 320px\" \/>\n\t\n\n\t\t<div class=\"fusion-rollover\">\n\t<div class=\"fusion-rollover-content\">\n\n\t\t\t\t\t\t\t\t\t\t\t\t\t\t<a class=\"fusion-rollover-link\" href=\"https:\/\/www.leydolt.at\/en\/ist-es-normal-nach-einer-kataraktoperation-schatten-zu-sehen\/\">Ist es normal, nach einer Kataraktoperation Schatten zu sehen?<\/a>\n\t\t\t\n\t\t\t\t\t\t\t\t\t\t\t\t\t\t\n\t\t\t\t\t\t\t\t\n\t\t\t\t\t\t\t\t\t\t\t\t\t<div class=\"fusion-rollover-sep\"><\/div>\n\t\t\t\t\n\t\t\t\t\t\t\t\t\t\t\t\t\t\t\t\t\t\t<a class=\"fusion-rollover-gallery\" href=\"https:\/\/www.leydolt.at\/wp-content\/uploads\/2025\/08\/schwarze-schatten-nach-grauer-star-op.jpg\" data-id=\"2869\" data-rel=\"iLightbox[gallery]\" data-title=\"schwarze-schatten-nach-grauer-star-op\" data-caption=\"\">\n\t\t\t\t\t\tGallery\t\t\t\t\t<\/a>\n\t\t\t\t\t\t\t\t\t\t\t\t\t\t\n\t\t\t\t\n\t\t\t\t\t\t\t\t\t\t\t\t<h4 class=\"fusion-rollover-title\">\n\t\t\t\t\t<a class=\"fusion-rollover-title-link\" href=\"https:\/\/www.leydolt.at\/en\/ist-es-normal-nach-einer-kataraktoperation-schatten-zu-sehen\/\">\n\t\t\t\t\t\tIst es normal, nach einer Kataraktoperation Schatten zu sehen?\t\t\t\t\t<\/a>\n\t\t\t\t<\/h4>\n\t\t\t\n\t\t\t\t\t\t\t\t\t\t\t\t\t\t<div class=\"fusion-rollover-categories\"><a href=\"https:\/\/www.leydolt.at\/en\/category\/graue-star-operation\/\" rel=\"tag\">Graue Star Operation<\/a><\/div>\t\t\t\t\t\n\t\t\n\t\t\t\t<a class=\"fusion-link-wrapper\" href=\"https:\/\/www.leydolt.at\/en\/ist-es-normal-nach-einer-kataraktoperation-schatten-zu-sehen\/\" aria-label=\"Ist es normal, nach einer Kataraktoperation Schatten zu sehen?\"><\/a>\n\t<\/div>\n<\/div>\n\n\t\n<\/div>\n<\/li>\n\t\t\t\n\t\t\t\n\t\t\t\t\t\t\t\t\t\t\t\t\t\t\t\t\t\t\t\t\t\t\t\t\t\t\t\t\t\t\t\t\t\t\t\t\t\t\t\t\t\t\t\t\t\t\t\t\t\t\t\t\t\t\t\t\t\t\t\t\t\t\t\t\t\t\t\t<\/ul>\n\t<\/div>\n\t<div class=\"fusion-post-content post-content\"><h2 class=\"blog-shortcode-post-title entry-title\"><a href=\"https:\/\/www.leydolt.at\/en\/ist-es-normal-nach-einer-kataraktoperation-schatten-zu-sehen\/\">Ist es normal, nach einer Kataraktoperation Schatten zu sehen?<\/a><\/h2><div class=\"fusion-post-content-container\"><p>Nach einer Operation des Grauen Stars (Katarakt) setzen wir eine k\u00fcnstliche Linse (Kunstlinse, Intraokularlinse, IOL) ins Auge ein, um die eingetr\u00fcbte nat\u00fcrliche Linse zu ersetzen. Die meisten Patientinnen und Patienten genie\u00dfen bereits kurz nach dem [...]<\/p><\/div><\/div><div class=\"fusion-clearfix\"><\/div><div class=\"fusion-meta-info\"><div class=\"fusion-alignleft\">By <span><a href=\"https:\/\/www.leydolt.at\/en\/author\/christina\/\" title=\"Posts by Christina Leydolt\" rel=\"author\">Christina Leydolt<\/a><\/span><span class=\"fusion-inline-sep\">|<\/span><span class=\"updated\" style=\"display:none;\">2025-08-09T10:58:50+02:00<\/span><span>09.08.2025<\/span><span class=\"fusion-inline-sep\">|<\/span><a href=\"https:\/\/www.leydolt.at\/en\/category\/graue-star-operation\/\" rel=\"category tag\">Graue Star Operation<\/a><span class=\"fusion-inline-sep\">|<\/span><\/div><div class=\"fusion-alignright\"><a class=\"fusion-read-more\" href=\"https:\/\/www.leydolt.at\/en\/ist-es-normal-nach-einer-kataraktoperation-schatten-zu-sehen\/\" aria-label=\"More on Ist es normal, nach einer Kataraktoperation Schatten zu sehen?\">Read More<\/a><\/div><\/div><\/article>\n<article id=\"blog-1-post-2855\" class=\"fusion-post-medium post-2855 post type-post status-publish format-standard has-post-thumbnail hentry category-graue-star-operation\">\n\t<style type=\"text\/css\">\n\t\t\n\t\t\n\t\t\n\t\t\n\t\t\t<\/style>\n\n\n\t\t\t<div class=\"fusion-flexslider flexslider fusion-flexslider-loading fusion-post-slideshow\" style=\"\">\n\t\t<ul class=\"slides\">\n\t\t\t\n\t\t\t\t\t\t\t\t\t\t\t\t\t\t<li>\n\n<div  class=\"fusion-image-wrapper fusion-image-size-fixed\" aria-haspopup=\"true\">\n\t\n\t\n\t\n\t\t\n\t\t\t\t\t<img decoding=\"async\" width=\"320\" height=\"202\" src=\"https:\/\/www.leydolt.at\/wp-content\/uploads\/2025\/08\/augenklappe-nach-der-grauen-star-op-320x202.jpg\" class=\"attachment-blog-medium size-blog-medium wp-post-image\" alt=\"Prof. Christina Leydolt erkl\u00e4rt den Augenschutz nach Kataraktoperation \u2013 Augenklappe und Schutzbrille\" srcset=\"https:\/\/www.leydolt.at\/wp-content\/uploads\/2025\/08\/augenklappe-nach-der-grauen-star-op-18x12.jpg 18w, https:\/\/www.leydolt.at\/wp-content\/uploads\/2025\/08\/augenklappe-nach-der-grauen-star-op-320x202.jpg 320w, https:\/\/www.leydolt.at\/wp-content\/uploads\/2025\/08\/augenklappe-nach-der-grauen-star-op-700x441.jpg 700w\" sizes=\"(max-width: 320px) 100vw, 320px\" \/>\n\t\n\n\t\t<div class=\"fusion-rollover\">\n\t<div class=\"fusion-rollover-content\">\n\n\t\t\t\t\t\t\t\t\t\t\t\t\t\t<a class=\"fusion-rollover-link\" href=\"https:\/\/www.leydolt.at\/en\/https-www-leydolt-at-wie-lange-augenklappe-nach-grauer-star-op\/\">Wie lange soll man eine Augenklappe nach einer Katarakt-OP tragen?<\/a>\n\t\t\t\n\t\t\t\t\t\t\t\t\t\t\t\t\t\t\n\t\t\t\t\t\t\t\t\n\t\t\t\t\t\t\t\t\t\t\t\t\t<div class=\"fusion-rollover-sep\"><\/div>\n\t\t\t\t\n\t\t\t\t\t\t\t\t\t\t\t\t\t\t\t\t\t\t<a class=\"fusion-rollover-gallery\" href=\"https:\/\/www.leydolt.at\/wp-content\/uploads\/2025\/08\/augenklappe-nach-der-grauen-star-op.jpg\" data-id=\"2855\" data-rel=\"iLightbox[gallery]\" data-title=\"augenklappe-nach-der-grauen-star-op\" data-caption=\"\">\n\t\t\t\t\t\tGallery\t\t\t\t\t<\/a>\n\t\t\t\t\t\t\t\t\t\t\t\t\t\t\n\t\t\t\t\n\t\t\t\t\t\t\t\t\t\t\t\t<h4 class=\"fusion-rollover-title\">\n\t\t\t\t\t<a class=\"fusion-rollover-title-link\" href=\"https:\/\/www.leydolt.at\/en\/https-www-leydolt-at-wie-lange-augenklappe-nach-grauer-star-op\/\">\n\t\t\t\t\t\tWie lange soll man eine Augenklappe nach einer Katarakt-OP tragen?\t\t\t\t\t<\/a>\n\t\t\t\t<\/h4>\n\t\t\t\n\t\t\t\t\t\t\t\t\t\t\t\t\t\t<div class=\"fusion-rollover-categories\"><a href=\"https:\/\/www.leydolt.at\/en\/category\/graue-star-operation\/\" rel=\"tag\">Graue Star Operation<\/a><\/div>\t\t\t\t\t\n\t\t\n\t\t\t\t<a class=\"fusion-link-wrapper\" href=\"https:\/\/www.leydolt.at\/en\/https-www-leydolt-at-wie-lange-augenklappe-nach-grauer-star-op\/\" aria-label=\"Wie lange soll man eine Augenklappe nach einer Katarakt-OP tragen?\"><\/a>\n\t<\/div>\n<\/div>\n\n\t\n<\/div>\n<\/li>\n\t\t\t\n\t\t\t\n\t\t\t\t\t\t\t\t\t\t\t\t\t\t\t\t\t\t\t\t\t\t\t\t\t\t\t\t\t\t\t\t\t\t\t\t\t\t\t\t\t\t\t\t\t\t\t\t\t\t\t\t\t\t\t\t\t\t\t\t\t\t\t\t\t\t\t\t<\/ul>\n\t<\/div>\n\t<div class=\"fusion-post-content post-content\"><h2 class=\"blog-shortcode-post-title entry-title\"><a href=\"https:\/\/www.leydolt.at\/en\/https-www-leydolt-at-wie-lange-augenklappe-nach-grauer-star-op\/\">Wie lange soll man eine Augenklappe nach einer Katarakt-OP tragen?<\/a><\/h2><div class=\"fusion-post-content-container\"><p>Wie lange Augenklappe nach Grauer Star OP? Die Operation des Grauen Stars (Katarakt) z\u00e4hlt heute zu den h\u00e4ufigsten und sichersten chirurgischen Eingriffen weltweit. Dennoch ist die richtige Nachsorge entscheidend f\u00fcr einen optimalen Heilungsverlauf. Als erfahrene [...]<\/p><\/div><\/div><div class=\"fusion-clearfix\"><\/div><div class=\"fusion-meta-info\"><div class=\"fusion-alignleft\">By <span><a href=\"https:\/\/www.leydolt.at\/en\/author\/christina\/\" title=\"Posts by Christina Leydolt\" rel=\"author\">Christina Leydolt<\/a><\/span><span class=\"fusion-inline-sep\">|<\/span><span class=\"updated\" style=\"display:none;\">2025-08-09T10:27:18+02:00<\/span><span>01.08.2025<\/span><span class=\"fusion-inline-sep\">|<\/span><a href=\"https:\/\/www.leydolt.at\/en\/category\/graue-star-operation\/\" rel=\"category tag\">Graue Star Operation<\/a><span class=\"fusion-inline-sep\">|<\/span><\/div><div class=\"fusion-alignright\"><a class=\"fusion-read-more\" href=\"https:\/\/www.leydolt.at\/en\/https-www-leydolt-at-wie-lange-augenklappe-nach-grauer-star-op\/\" aria-label=\"More on Wie lange soll man eine Augenklappe nach einer Katarakt-OP tragen?\">Read More<\/a><\/div><\/div><\/article>\n<article id=\"blog-1-post-2848\" class=\"fusion-post-medium post-2848 post type-post status-publish format-standard has-post-thumbnail hentry category-graue-star-operation\">\n\t<style type=\"text\/css\">\n\t\t\n\t\t\n\t\t\n\t\t\n\t\t\t<\/style>\n\n\n\t\t\t<div class=\"fusion-flexslider flexslider fusion-flexslider-loading fusion-post-slideshow\" style=\"\">\n\t\t<ul class=\"slides\">\n\t\t\t\n\t\t\t\t\t\t\t\t\t\t\t\t\t\t<li>\n\n<div  class=\"fusion-image-wrapper fusion-image-size-fixed\" aria-haspopup=\"true\">\n\t\n\t\n\t\n\t\t\n\t\t\t\t\t<img decoding=\"async\" width=\"320\" height=\"202\" src=\"https:\/\/www.leydolt.at\/wp-content\/uploads\/2025\/07\/Grauer-Star-OP-Zeitpunkt-320x202.jpeg\" class=\"attachment-blog-medium size-blog-medium wp-post-image\" alt=\"Prof. Christina Leydolt erkl\u00e4rt in ihrer Ordination, wann man Grauen Star sp\u00e4testens operieren sollte\" srcset=\"https:\/\/www.leydolt.at\/wp-content\/uploads\/2025\/07\/Grauer-Star-OP-Zeitpunkt-18x12.jpeg 18w, https:\/\/www.leydolt.at\/wp-content\/uploads\/2025\/07\/Grauer-Star-OP-Zeitpunkt-320x202.jpeg 320w, https:\/\/www.leydolt.at\/wp-content\/uploads\/2025\/07\/Grauer-Star-OP-Zeitpunkt-700x441.jpeg 700w\" sizes=\"(max-width: 320px) 100vw, 320px\" \/>\n\t\n\n\t\t<div class=\"fusion-rollover\">\n\t<div class=\"fusion-rollover-content\">\n\n\t\t\t\t\t\t\t\t\t\t\t\t\t\t<a class=\"fusion-rollover-link\" href=\"https:\/\/www.leydolt.at\/en\/grauer-star-wann-spaetestens-operieren\/\">Grauer Star \u2013 Wann sp\u00e4testens operieren?<\/a>\n\t\t\t\n\t\t\t\t\t\t\t\t\t\t\t\t\t\t\n\t\t\t\t\t\t\t\t\n\t\t\t\t\t\t\t\t\t\t\t\t\t<div class=\"fusion-rollover-sep\"><\/div>\n\t\t\t\t\n\t\t\t\t\t\t\t\t\t\t\t\t\t\t\t\t\t\t<a class=\"fusion-rollover-gallery\" href=\"https:\/\/www.leydolt.at\/wp-content\/uploads\/2025\/07\/Grauer-Star-OP-Zeitpunkt.jpeg\" data-id=\"2848\" data-rel=\"iLightbox[gallery]\" data-title=\"Grauer-Star-OP-Zeitpunkt\" data-caption=\"\">\n\t\t\t\t\t\tGallery\t\t\t\t\t<\/a>\n\t\t\t\t\t\t\t\t\t\t\t\t\t\t\n\t\t\t\t\n\t\t\t\t\t\t\t\t\t\t\t\t<h4 class=\"fusion-rollover-title\">\n\t\t\t\t\t<a class=\"fusion-rollover-title-link\" href=\"https:\/\/www.leydolt.at\/en\/grauer-star-wann-spaetestens-operieren\/\">\n\t\t\t\t\t\tGrauer Star \u2013 Wann sp\u00e4testens operieren?\t\t\t\t\t<\/a>\n\t\t\t\t<\/h4>\n\t\t\t\n\t\t\t\t\t\t\t\t\t\t\t\t\t\t<div class=\"fusion-rollover-categories\"><a href=\"https:\/\/www.leydolt.at\/en\/category\/graue-star-operation\/\" rel=\"tag\">Graue Star Operation<\/a><\/div>\t\t\t\t\t\n\t\t\n\t\t\t\t<a class=\"fusion-link-wrapper\" href=\"https:\/\/www.leydolt.at\/en\/grauer-star-wann-spaetestens-operieren\/\" aria-label=\"Grauer Star \u2013 Wann sp\u00e4testens operieren?\"><\/a>\n\t<\/div>\n<\/div>\n\n\t\n<\/div>\n<\/li>\n\t\t\t\n\t\t\t\n\t\t\t\t\t\t\t\t\t\t\t\t\t\t\t\t\t\t\t\t\t\t\t\t\t\t\t\t\t\t\t\t\t\t\t\t\t\t\t\t\t\t\t\t\t\t\t\t\t\t\t\t\t\t\t\t\t\t\t\t\t\t\t\t\t\t\t\t<\/ul>\n\t<\/div>\n\t<div class=\"fusion-post-content post-content\"><h2 class=\"blog-shortcode-post-title entry-title\"><a href=\"https:\/\/www.leydolt.at\/en\/grauer-star-wann-spaetestens-operieren\/\">Grauer Star \u2013 Wann sp\u00e4testens operieren?<\/a><\/h2><div class=\"fusion-post-content-container\"><p>Eine Kataraktoperation sollte sp\u00e4testens dann erfolgen, wenn die Tr\u00fcbung der Augenlinse die Sehfunktion so stark beeintr\u00e4chtigt, dass sie den Anforderungen des t\u00e4glichen Lebens nicht mehr gerecht wird und eine Operation voraussichtlich zu einer signifikanten Verbesserung [...]<\/p><\/div><\/div><div class=\"fusion-clearfix\"><\/div><div class=\"fusion-meta-info\"><div class=\"fusion-alignleft\">By <span><a href=\"https:\/\/www.leydolt.at\/en\/author\/christina\/\" title=\"Posts by Christina Leydolt\" rel=\"author\">Christina Leydolt<\/a><\/span><span class=\"fusion-inline-sep\">|<\/span><span class=\"updated\" style=\"display:none;\">2025-07-31T10:59:42+02:00<\/span><span>31.07.2025<\/span><span class=\"fusion-inline-sep\">|<\/span><a href=\"https:\/\/www.leydolt.at\/en\/category\/graue-star-operation\/\" rel=\"category tag\">Graue Star Operation<\/a><span class=\"fusion-inline-sep\">|<\/span><\/div><div class=\"fusion-alignright\"><a class=\"fusion-read-more\" href=\"https:\/\/www.leydolt.at\/en\/grauer-star-wann-spaetestens-operieren\/\" aria-label=\"More on Grauer Star \u2013 Wann sp\u00e4testens operieren?\">Read More<\/a><\/div><\/div><\/article>\n<article id=\"blog-1-post-2834\" class=\"fusion-post-medium post-2834 post type-post status-publish format-standard has-post-thumbnail hentry category-graue-star-operation\">\n\t<style type=\"text\/css\">\n\t\t\n\t\t\n\t\t\n\t\t\n\t\t\t<\/style>\n\n\n\t\t\t<div class=\"fusion-flexslider flexslider fusion-flexslider-loading fusion-post-slideshow\" style=\"\">\n\t\t<ul class=\"slides\">\n\t\t\t\n\t\t\t\t\t\t\t\t\t\t\t\t\t\t<li>\n\n<div  class=\"fusion-image-wrapper fusion-image-size-fixed\" aria-haspopup=\"true\">\n\t\n\t\n\t\n\t\t\n\t\t\t\t\t<img decoding=\"async\" width=\"320\" height=\"202\" src=\"https:\/\/www.leydolt.at\/wp-content\/uploads\/2025\/07\/Forschung-an-Medikamtenten-gegen-Grauen-Star-320x202.jpg\" class=\"attachment-blog-medium size-blog-medium wp-post-image\" alt=\"Forschung an Medikamenten gegen Grauen Star\" srcset=\"https:\/\/www.leydolt.at\/wp-content\/uploads\/2025\/07\/Forschung-an-Medikamtenten-gegen-Grauen-Star-18x12.jpg 18w, https:\/\/www.leydolt.at\/wp-content\/uploads\/2025\/07\/Forschung-an-Medikamtenten-gegen-Grauen-Star-320x202.jpg 320w, https:\/\/www.leydolt.at\/wp-content\/uploads\/2025\/07\/Forschung-an-Medikamtenten-gegen-Grauen-Star-700x441.jpg 700w\" sizes=\"(max-width: 320px) 100vw, 320px\" \/>\n\t\n\n\t\t<div class=\"fusion-rollover\">\n\t<div class=\"fusion-rollover-content\">\n\n\t\t\t\t\t\t\t\t\t\t\t\t\t\t<a class=\"fusion-rollover-link\" href=\"https:\/\/www.leydolt.at\/en\/medikamente-gegen-grauen-star-heilen-ohne-operation\/\">Medikamente gegen Grauer Star \u2013 derzeitiger Stand der Forschung<\/a>\n\t\t\t\n\t\t\t\t\t\t\t\t\t\t\t\t\t\t\n\t\t\t\t\t\t\t\t\n\t\t\t\t\t\t\t\t\t\t\t\t\t<div class=\"fusion-rollover-sep\"><\/div>\n\t\t\t\t\n\t\t\t\t\t\t\t\t\t\t\t\t\t\t\t\t\t\t<a class=\"fusion-rollover-gallery\" href=\"https:\/\/www.leydolt.at\/wp-content\/uploads\/2025\/07\/Forschung-an-Medikamtenten-gegen-Grauen-Star.jpg\" data-id=\"2834\" data-rel=\"iLightbox[gallery]\" data-title=\"Forschung-an-Medikamtenten-gegen-Grauen-Star\" data-caption=\"\">\n\t\t\t\t\t\tGallery\t\t\t\t\t<\/a>\n\t\t\t\t\t\t\t\t\t\t\t\t\t\t\n\t\t\t\t\n\t\t\t\t\t\t\t\t\t\t\t\t<h4 class=\"fusion-rollover-title\">\n\t\t\t\t\t<a class=\"fusion-rollover-title-link\" href=\"https:\/\/www.leydolt.at\/en\/medikamente-gegen-grauen-star-heilen-ohne-operation\/\">\n\t\t\t\t\t\tMedikamente gegen Grauer Star \u2013 derzeitiger Stand der Forschung\t\t\t\t\t<\/a>\n\t\t\t\t<\/h4>\n\t\t\t\n\t\t\t\t\t\t\t\t\t\t\t\t\t\t<div class=\"fusion-rollover-categories\"><a href=\"https:\/\/www.leydolt.at\/en\/category\/graue-star-operation\/\" rel=\"tag\">Graue Star Operation<\/a><\/div>\t\t\t\t\t\n\t\t\n\t\t\t\t<a class=\"fusion-link-wrapper\" href=\"https:\/\/www.leydolt.at\/en\/medikamente-gegen-grauen-star-heilen-ohne-operation\/\" aria-label=\"Medikamente gegen Grauer Star \u2013 derzeitiger Stand der Forschung\"><\/a>\n\t<\/div>\n<\/div>\n\n\t\n<\/div>\n<\/li>\n\t\t\t\n\t\t\t\n\t\t\t\t\t\t\t\t\t\t\t\t\t\t\t\t\t\t\t\t\t\t\t\t\t\t\t\t\t\t\t\t\t\t\t\t\t\t\t\t\t\t\t\t\t\t\t\t\t\t\t\t\t\t\t\t\t\t\t\t\t\t\t\t\t\t\t\t<\/ul>\n\t<\/div>\n\t<div class=\"fusion-post-content post-content\"><h2 class=\"blog-shortcode-post-title entry-title\"><a href=\"https:\/\/www.leydolt.at\/en\/medikamente-gegen-grauen-star-heilen-ohne-operation\/\">Medikamente gegen Grauer Star \u2013 derzeitiger Stand der Forschung<\/a><\/h2><div class=\"fusion-post-content-container\"><p>Kann man Grauer Star heilen ohne Operation? Diese Frage h\u00f6re ich als Kataraktchirurgin oft und ich verstehe sie nur zu gut. Der Wunsch, den Grauen Star mit Tropfen oder Tabletten zu behandeln, ist naheliegend. Niemand [...]<\/p><\/div><\/div><div class=\"fusion-clearfix\"><\/div><div class=\"fusion-meta-info\"><div class=\"fusion-alignleft\">By <span><a href=\"https:\/\/www.leydolt.at\/en\/author\/christina\/\" title=\"Posts by Christina Leydolt\" rel=\"author\">Christina Leydolt<\/a><\/span><span class=\"fusion-inline-sep\">|<\/span><span class=\"updated\" style=\"display:none;\">2025-07-30T12:29:07+02:00<\/span><span>30.07.2025<\/span><span class=\"fusion-inline-sep\">|<\/span><a href=\"https:\/\/www.leydolt.at\/en\/category\/graue-star-operation\/\" rel=\"category tag\">Graue Star Operation<\/a><span class=\"fusion-inline-sep\">|<\/span><\/div><div class=\"fusion-alignright\"><a class=\"fusion-read-more\" href=\"https:\/\/www.leydolt.at\/en\/medikamente-gegen-grauen-star-heilen-ohne-operation\/\" aria-label=\"More on Medikamente gegen Grauer Star \u2013 derzeitiger Stand der Forschung\">Read More<\/a><\/div><\/div><\/article>\n<article id=\"blog-1-post-2831\" class=\"fusion-post-medium post-2831 post type-post status-publish format-standard has-post-thumbnail hentry category-graue-star-operation\">\n\t<style type=\"text\/css\">\n\t\t\n\t\t\n\t\t\n\t\t\n\t\t\t<\/style>\n\n\n\t\t\t<div class=\"fusion-flexslider flexslider fusion-flexslider-loading fusion-post-slideshow\" style=\"\">\n\t\t<ul class=\"slides\">\n\t\t\t\n\t\t\t\t\t\t\t\t\t\t\t\t\t\t<li>\n\n<div  class=\"fusion-image-wrapper fusion-image-size-fixed\" aria-haspopup=\"true\">\n\t\n\t\n\t\n\t\t\n\t\t\t\t\t<img decoding=\"async\" width=\"320\" height=\"202\" src=\"https:\/\/www.leydolt.at\/wp-content\/uploads\/2025\/07\/Aeltere-Frau-sieht-nachdenklich-aus-dem-Fenster-320x202.jpg\" class=\"attachment-blog-medium size-blog-medium wp-post-image\" alt=\"\u00c4ltere Frau schaut nachdenklich aus dem Fenster nach einer Grauen-Star-OP mit anhaltend verschwommenem Sehen\" srcset=\"https:\/\/www.leydolt.at\/wp-content\/uploads\/2025\/07\/Aeltere-Frau-sieht-nachdenklich-aus-dem-Fenster-18x12.jpg 18w, https:\/\/www.leydolt.at\/wp-content\/uploads\/2025\/07\/Aeltere-Frau-sieht-nachdenklich-aus-dem-Fenster-320x202.jpg 320w, https:\/\/www.leydolt.at\/wp-content\/uploads\/2025\/07\/Aeltere-Frau-sieht-nachdenklich-aus-dem-Fenster-700x441.jpg 700w\" sizes=\"(max-width: 320px) 100vw, 320px\" \/>\n\t\n\n\t\t<div class=\"fusion-rollover\">\n\t<div class=\"fusion-rollover-content\">\n\n\t\t\t\t\t\t\t\t\t\t\t\t\t\t<a class=\"fusion-rollover-link\" href=\"https:\/\/www.leydolt.at\/en\/nach-grauer-star-op-blind-verschwommen-sehen\/\">Nach Grauer Star OP blind: Was tun, wenn das Sehen nicht wie erwartet ist?<\/a>\n\t\t\t\n\t\t\t\t\t\t\t\t\t\t\t\t\t\t\n\t\t\t\t\t\t\t\t\n\t\t\t\t\t\t\t\t\t\t\t\t\t<div class=\"fusion-rollover-sep\"><\/div>\n\t\t\t\t\n\t\t\t\t\t\t\t\t\t\t\t\t\t\t\t\t\t\t<a class=\"fusion-rollover-gallery\" href=\"https:\/\/www.leydolt.at\/wp-content\/uploads\/2025\/07\/Aeltere-Frau-sieht-nachdenklich-aus-dem-Fenster.jpg\" data-id=\"2831\" data-rel=\"iLightbox[gallery]\" data-title=\"A\u0308ltere Frau sieht nachdenklich aus dem Fenster\" data-caption=\"\">\n\t\t\t\t\t\tGallery\t\t\t\t\t<\/a>\n\t\t\t\t\t\t\t\t\t\t\t\t\t\t\n\t\t\t\t\n\t\t\t\t\t\t\t\t\t\t\t\t<h4 class=\"fusion-rollover-title\">\n\t\t\t\t\t<a class=\"fusion-rollover-title-link\" href=\"https:\/\/www.leydolt.at\/en\/nach-grauer-star-op-blind-verschwommen-sehen\/\">\n\t\t\t\t\t\tNach Grauer Star OP blind: Was tun, wenn das Sehen nicht wie erwartet ist?\t\t\t\t\t<\/a>\n\t\t\t\t<\/h4>\n\t\t\t\n\t\t\t\t\t\t\t\t\t\t\t\t\t\t<div class=\"fusion-rollover-categories\"><a href=\"https:\/\/www.leydolt.at\/en\/category\/graue-star-operation\/\" rel=\"tag\">Graue Star Operation<\/a><\/div>\t\t\t\t\t\n\t\t\n\t\t\t\t<a class=\"fusion-link-wrapper\" href=\"https:\/\/www.leydolt.at\/en\/nach-grauer-star-op-blind-verschwommen-sehen\/\" aria-label=\"Nach Grauer Star OP blind: Was tun, wenn das Sehen nicht wie erwartet ist?\"><\/a>\n\t<\/div>\n<\/div>\n\n\t\n<\/div>\n<\/li>\n\t\t\t\n\t\t\t\n\t\t\t\t\t\t\t\t\t\t\t\t\t\t\t\t\t\t\t\t\t\t\t\t\t\t\t\t\t\t\t\t\t\t\t\t\t\t\t\t\t\t\t\t\t\t\t\t\t\t\t\t\t\t\t\t\t\t\t\t\t\t\t\t\t\t\t\t<\/ul>\n\t<\/div>\n\t<div class=\"fusion-post-content post-content\"><h2 class=\"blog-shortcode-post-title entry-title\"><a href=\"https:\/\/www.leydolt.at\/en\/nach-grauer-star-op-blind-verschwommen-sehen\/\">Nach Grauer Star OP blind: Was tun, wenn das Sehen nicht wie erwartet ist?<\/a><\/h2><div class=\"fusion-post-content-container\"><p>Die Grauer Star Operation (Kataraktoperation) ist einer der h\u00e4ufigsten und erfolgreichsten Eingriffe in der Augenheilkunde. Dennoch erreichen mich in meiner Ordination regelm\u00e4\u00dfig besorgte Anrufe von Patientinnen und Patienten, die nach dem Eingriff nicht das kristallklare [...]<\/p><\/div><\/div><div class=\"fusion-clearfix\"><\/div><div class=\"fusion-meta-info\"><div class=\"fusion-alignleft\">By <span><a href=\"https:\/\/www.leydolt.at\/en\/author\/christina\/\" title=\"Posts by Christina Leydolt\" rel=\"author\">Christina Leydolt<\/a><\/span><span class=\"fusion-inline-sep\">|<\/span><span class=\"updated\" style=\"display:none;\">2025-07-30T11:42:52+02:00<\/span><span>27.07.2025<\/span><span class=\"fusion-inline-sep\">|<\/span><a href=\"https:\/\/www.leydolt.at\/en\/category\/graue-star-operation\/\" rel=\"category tag\">Graue Star Operation<\/a><span class=\"fusion-inline-sep\">|<\/span><\/div><div class=\"fusion-alignright\"><a class=\"fusion-read-more\" href=\"https:\/\/www.leydolt.at\/en\/nach-grauer-star-op-blind-verschwommen-sehen\/\" aria-label=\"More on Nach Grauer Star OP blind: Was tun, wenn das Sehen nicht wie erwartet ist?\">Read More<\/a><\/div><\/div><\/article>\n<article id=\"blog-1-post-2808\" class=\"fusion-post-medium post-2808 post type-post status-publish format-standard has-post-thumbnail hentry category-graue-star-operation\">\n\t<style type=\"text\/css\">\n\t\t\n\t\t\n\t\t\n\t\t\n\t\t\t<\/style>\n\n\n\t\t\t<div class=\"fusion-flexslider flexslider fusion-flexslider-loading fusion-post-slideshow\" style=\"\">\n\t\t<ul class=\"slides\">\n\t\t\t\n\t\t\t\t\t\t\t\t\t\t\t\t\t\t<li>\n\n<div  class=\"fusion-image-wrapper fusion-image-size-fixed\" aria-haspopup=\"true\">\n\t\n\t\n\t\n\t\t\n\t\t\t\t\t<img decoding=\"async\" width=\"320\" height=\"202\" src=\"https:\/\/www.leydolt.at\/wp-content\/uploads\/2025\/05\/nach-der-op-320x202.jpg\" class=\"attachment-blog-medium size-blog-medium wp-post-image\" alt=\"Patient nach Grauer Star Operation mit Augenverband bei der postoperativen Nachsorge\" \/>\n\t\n\n\t\t<div class=\"fusion-rollover\">\n\t<div class=\"fusion-rollover-content\">\n\n\t\t\t\t\t\t\t\t\t\t\t\t\t\t<a class=\"fusion-rollover-link\" href=\"https:\/\/www.leydolt.at\/en\/grauer-star-operation-nachsorge-erholung\/\">Grauer Star Operation: Nachsorge, Erholung &#038; Warnzeichen \u2013 Was Patient:innen wissen sollten<\/a>\n\t\t\t\n\t\t\t\t\t\t\t\t\t\t\t\t\t\t\n\t\t\t\t\t\t\t\t\n\t\t\t\t\t\t\t\t\t\t\t\t\t<div class=\"fusion-rollover-sep\"><\/div>\n\t\t\t\t\n\t\t\t\t\t\t\t\t\t\t\t\t\t\t\t\t\t\t<a class=\"fusion-rollover-gallery\" href=\"https:\/\/www.leydolt.at\/wp-content\/uploads\/2025\/05\/nach-der-op.jpg\" data-id=\"2808\" data-rel=\"iLightbox[gallery]\" data-title=\"nach der op\" data-caption=\"\">\n\t\t\t\t\t\tGallery\t\t\t\t\t<\/a>\n\t\t\t\t\t\t\t\t\t\t\t\t\t\t\n\t\t\t\t\n\t\t\t\t\t\t\t\t\t\t\t\t<h4 class=\"fusion-rollover-title\">\n\t\t\t\t\t<a class=\"fusion-rollover-title-link\" href=\"https:\/\/www.leydolt.at\/en\/grauer-star-operation-nachsorge-erholung\/\">\n\t\t\t\t\t\tGrauer Star Operation: Nachsorge, Erholung &#038; Warnzeichen \u2013 Was Patient:innen wissen sollten\t\t\t\t\t<\/a>\n\t\t\t\t<\/h4>\n\t\t\t\n\t\t\t\t\t\t\t\t\t\t\t\t\t\t<div class=\"fusion-rollover-categories\"><a href=\"https:\/\/www.leydolt.at\/en\/category\/graue-star-operation\/\" rel=\"tag\">Graue Star Operation<\/a><\/div>\t\t\t\t\t\n\t\t\n\t\t\t\t<a class=\"fusion-link-wrapper\" href=\"https:\/\/www.leydolt.at\/en\/grauer-star-operation-nachsorge-erholung\/\" aria-label=\"Grauer Star Operation: Nachsorge, Erholung &#038; Warnzeichen \u2013 Was Patient:innen wissen sollten\"><\/a>\n\t<\/div>\n<\/div>\n\n\t\n<\/div>\n<\/li>\n\t\t\t\n\t\t\t\n\t\t\t\t\t\t\t\t\t\t\t\t\t\t\t\t\t\t\t\t\t\t\t\t\t\t\t\t\t\t\t\t\t\t\t\t\t\t\t\t\t\t\t\t\t\t\t\t\t\t\t\t\t\t\t\t\t\t\t\t\t\t\t\t\t\t\t\t<\/ul>\n\t<\/div>\n\t<div class=\"fusion-post-content post-content\"><h2 class=\"blog-shortcode-post-title entry-title\"><a href=\"https:\/\/www.leydolt.at\/en\/grauer-star-operation-nachsorge-erholung\/\">Grauer Star Operation: Nachsorge, Erholung &#038; Warnzeichen \u2013 Was Patient:innen wissen sollten<\/a><\/h2><div class=\"fusion-post-content-container\"><p>Die Operation des Grauen Stars (Kataraktoperation) geh\u00f6rt heute zu den sichersten und am h\u00e4ufigsten durchgef\u00fchrten Eingriffen weltweit. Doch genauso wichtig wie der operative Eingriff selbst ist die Nachsorge und die richtige Verhaltensweise in der Erholungsphase. [...]<\/p><\/div><\/div><div class=\"fusion-clearfix\"><\/div><div class=\"fusion-meta-info\"><div class=\"fusion-alignleft\">By <span><a href=\"https:\/\/www.leydolt.at\/en\/author\/christina\/\" title=\"Posts by Christina Leydolt\" rel=\"author\">Christina Leydolt<\/a><\/span><span class=\"fusion-inline-sep\">|<\/span><span class=\"updated\" style=\"display:none;\">2025-05-28T12:46:50+02:00<\/span><span>28.05.2025<\/span><span class=\"fusion-inline-sep\">|<\/span><a href=\"https:\/\/www.leydolt.at\/en\/category\/graue-star-operation\/\" rel=\"category tag\">Graue Star Operation<\/a><span class=\"fusion-inline-sep\">|<\/span><\/div><div class=\"fusion-alignright\"><a class=\"fusion-read-more\" href=\"https:\/\/www.leydolt.at\/en\/grauer-star-operation-nachsorge-erholung\/\" aria-label=\"More on Grauer Star Operation: Nachsorge, Erholung &#038; Warnzeichen \u2013 Was Patient:innen wissen sollten\">Read More<\/a><\/div><\/div><\/article>\n<article id=\"blog-1-post-2788\" class=\"fusion-post-medium post-2788 post type-post status-publish format-standard has-post-thumbnail hentry category-alterssichtigkeit category-graue-star-operation\">\n\t<style type=\"text\/css\">\n\t\t\n\t\t\n\t\t\n\t\t\n\t\t\t<\/style>\n\n\n\t\t\t<div class=\"fusion-flexslider flexslider fusion-flexslider-loading fusion-post-slideshow\" style=\"\">\n\t\t<ul class=\"slides\">\n\t\t\t\n\t\t\t\t\t\t\t\t\t\t\t\t\t\t<li>\n\n<div  class=\"fusion-image-wrapper fusion-image-size-fixed\" aria-haspopup=\"true\">\n\t\n\t\n\t\n\t\t\n\t\t\t\t\t<img decoding=\"async\" width=\"320\" height=\"202\" src=\"https:\/\/www.leydolt.at\/wp-content\/uploads\/2025\/05\/PHOTO-2025-05-16-17-28-31-320x202.jpg\" class=\"attachment-blog-medium size-blog-medium wp-post-image\" alt=\"A man giving a presentation at a conference.\" srcset=\"https:\/\/www.leydolt.at\/wp-content\/uploads\/2025\/05\/PHOTO-2025-05-16-17-28-31-320x202.jpg 320w, https:\/\/www.leydolt.at\/wp-content\/uploads\/2025\/05\/PHOTO-2025-05-16-17-28-31-700x441.jpg 700w\" sizes=\"(max-width: 320px) 100vw, 320px\" \/>\n\t\n\n\t\t<div class=\"fusion-rollover\">\n\t<div class=\"fusion-rollover-content\">\n\n\t\t\t\t\t\t\t\t\t\t\t\t\t\t<a class=\"fusion-rollover-link\" href=\"https:\/\/www.leydolt.at\/en\/doc-2025-presbyopie-iol-leydolt\/\" target=\"_blank\">DOC 2025: Prof. Leydolt pr\u00e4sentiert neueste Erkenntnisse zu Presbyopie-korrigierenden Intraokularlinsen<\/a>\n\t\t\t\n\t\t\t\t\t\t\t\t\t\t\t\t\t\t\n\t\t\t\t\t\t\t\t\n\t\t\t\t\t\t\t\t\t\t\t\t\t<div class=\"fusion-rollover-sep\"><\/div>\n\t\t\t\t\n\t\t\t\t\t\t\t\t\t\t\t\t\t\t\t\t\t\t<a class=\"fusion-rollover-gallery\" href=\"https:\/\/www.leydolt.at\/wp-content\/uploads\/2025\/05\/PHOTO-2025-05-16-17-28-31-scaled.jpg\" data-id=\"2788\" data-rel=\"iLightbox[gallery]\" data-title=\"DOC-2025-Prof. Leydolt\" data-caption=\"\">\n\t\t\t\t\t\tGallery\t\t\t\t\t<\/a>\n\t\t\t\t\t\t\t\t\t\t\t\t\t\t\n\t\t\t\t\n\t\t\t\t\t\t\t\t\t\t\t\t<h4 class=\"fusion-rollover-title\">\n\t\t\t\t\t<a class=\"fusion-rollover-title-link\" href=\"https:\/\/www.leydolt.at\/en\/doc-2025-presbyopie-iol-leydolt\/\" target=\"_blank\">\n\t\t\t\t\t\tDOC 2025: Prof. Leydolt pr\u00e4sentiert neueste Erkenntnisse zu Presbyopie-korrigierenden Intraokularlinsen\t\t\t\t\t<\/a>\n\t\t\t\t<\/h4>\n\t\t\t\n\t\t\t\t\t\t\t\t\t\t\t\t\t\t<div class=\"fusion-rollover-categories\"><a href=\"https:\/\/www.leydolt.at\/en\/category\/alterssichtigkeit\/\" rel=\"tag\">Alterssichtigkeit<\/a>, <a href=\"https:\/\/www.leydolt.at\/en\/category\/graue-star-operation\/\" rel=\"tag\">Graue Star Operation<\/a><\/div>\t\t\t\t\t\n\t\t\n\t\t\t\t<a class=\"fusion-link-wrapper\" href=\"https:\/\/www.leydolt.at\/en\/doc-2025-presbyopie-iol-leydolt\/\" target=\"_blank\" aria-label=\"DOC 2025: Prof. Leydolt pr\u00e4sentiert neueste Erkenntnisse zu Presbyopie-korrigierenden Intraokularlinsen\"><\/a>\n\t<\/div>\n<\/div>\n\n\t\n<\/div>\n<\/li>\n\t\t\t\n\t\t\t\n\t\t\t\t\t\t\t\t\t\t\t\n\t\t\t\t\t\n\t\t\t\t\t\t\t\t\t\t\t<li>\n\t\t\t\t\t\t\t<div class=\"fusion-image-wrapper\">\n\t\t\t\t\t\t\t\t<a href=\"https:\/\/www.leydolt.at\/en\/doc-2025-presbyopie-iol-leydolt\/\" aria-label=\"DOC 2025: Prof. Leydolt pr\u00e4sentiert neueste Erkenntnisse zu Presbyopie-korrigierenden Intraokularlinsen\">\n\t\t\t\t\t\t\t\t\t<img decoding=\"async\" width=\"320\" height=\"202\" src=\"https:\/\/www.leydolt.at\/wp-content\/uploads\/2025\/05\/Folie1-320x202.png\" alt=\"Hauptprogram - nuremberg, germany, 25-26 may 2015.\" class=\"wp-image-2795\" role=\"presentation\" srcset=\"https:\/\/www.leydolt.at\/wp-content\/uploads\/2025\/05\/Folie1-320x202.png 320w, https:\/\/www.leydolt.at\/wp-content\/uploads\/2025\/05\/Folie1-700x441.png 700w\" sizes=\"(max-width: 320px) 100vw, 320px\" \/>\t\t\t\t\t\t\t\t<\/a>\n\t\t\t\t\t\t\t\t<a style=\"display:none;\" href=\"https:\/\/www.leydolt.at\/wp-content\/uploads\/2025\/05\/Folie1.png\" data-rel=\"iLightbox[gallery2788]\"  title=\"\" data-title=\"Folie1\" data-caption=\"\">\n\t\t\t\t\t\t\t\t\t\t\t\t\t\t\t\t\t\t\t<img style=\"display:none;\" alt=\"Hauptprogram - nuremberg, germany, 25-26 may 2015.\" role=\"presentation\" \/>\n\t\t\t\t\t\t\t\t\t\t\t\t\t\t\t\t\t<\/a>\n\t\t\t\t\t\t\t<\/div>\n\t\t\t\t\t\t<\/li>\n\t\t\t\t\t\t\t\t\t\t\t\t\t\t\t\t\t\t\t\t\t\t\t\t\t\t\t\t\t\t\t\t\t\t\t\t\t\t\t\t\t\t\t\t\t\t\t\t\t\t\t\t\t\t\t\t\t\t\t\t\t\t\t\t\t\t<\/ul>\n\t<\/div>\n\t<div class=\"fusion-post-content post-content\"><h2 class=\"blog-shortcode-post-title entry-title\"><a href=\"https:\/\/www.leydolt.at\/en\/doc-2025-presbyopie-iol-leydolt\/\" target=\"_blank\" rel=\"noopener noreferrer\">DOC 2025: Prof. Leydolt pr\u00e4sentiert neueste Erkenntnisse zu Presbyopie-korrigierenden Intraokularlinsen<\/a><\/h2><div class=\"fusion-post-content-container\"><p>Die DOC 2025 in N\u00fcrnberg war auch in diesem Jahr ein bedeutender Treffpunkt f\u00fcr internationale ExpertInnen der Katarakt- und refraktiven Chirurgie. Im Zentrum des Interesses: Fortschritte in der Presbyopie-Korrektur durch moderne Intraokularlinsen. Prof. Dr. Christina [...]<\/p><\/div><\/div><div class=\"fusion-clearfix\"><\/div><div class=\"fusion-meta-info\"><div class=\"fusion-alignleft\">By <span><a href=\"https:\/\/www.leydolt.at\/en\/author\/christina\/\" title=\"Posts by Christina Leydolt\" rel=\"author\">Christina Leydolt<\/a><\/span><span class=\"fusion-inline-sep\">|<\/span><span class=\"updated\" style=\"display:none;\">2025-05-20T19:58:08+02:00<\/span><span>19.05.2025<\/span><span class=\"fusion-inline-sep\">|<\/span><a href=\"https:\/\/www.leydolt.at\/en\/category\/alterssichtigkeit\/\" rel=\"category tag\">Alterssichtigkeit<\/a>, <a href=\"https:\/\/www.leydolt.at\/en\/category\/graue-star-operation\/\" rel=\"category tag\">Graue Star Operation<\/a><span class=\"fusion-inline-sep\">|<\/span><\/div><div class=\"fusion-alignright\"><a class=\"fusion-read-more\" href=\"https:\/\/www.leydolt.at\/en\/doc-2025-presbyopie-iol-leydolt\/\" target=\"_blank\" rel=\"noopener noreferrer\" aria-label=\"More on DOC 2025: Prof. Leydolt pr\u00e4sentiert neueste Erkenntnisse zu Presbyopie-korrigierenden Intraokularlinsen\">Read More<\/a><\/div><\/div><\/article>\n<article id=\"blog-1-post-2776\" class=\"fusion-post-medium post-2776 post type-post status-publish format-standard has-post-thumbnail hentry category-alterssichtigkeit category-graue-star-operation\">\n\t<style type=\"text\/css\">\n\t\t\n\t\t\n\t\t\n\t\t\n\t\t\t<\/style>\n\n\n\t\t\t<div class=\"fusion-flexslider flexslider fusion-flexslider-loading fusion-post-slideshow\" style=\"\">\n\t\t<ul class=\"slides\">\n\t\t\t\n\t\t\t\t\t\t\t\t\t\t\t\t\t\t<li>\n\n<div  class=\"fusion-image-wrapper fusion-image-size-fixed\" aria-haspopup=\"true\">\n\t\n\t\n\t\n\t\t\n\t\t\t\t\t<img decoding=\"async\" width=\"320\" height=\"202\" src=\"https:\/\/www.leydolt.at\/wp-content\/uploads\/2025\/04\/Trockene-Auge-und-Premiumlinsen-320x202.jpg\" class=\"attachment-blog-medium size-blog-medium wp-post-image\" alt=\"An older woman sitting on a couch with a man sitting in front of her.\" srcset=\"https:\/\/www.leydolt.at\/wp-content\/uploads\/2025\/04\/Trockene-Auge-und-Premiumlinsen-320x202.jpg 320w, https:\/\/www.leydolt.at\/wp-content\/uploads\/2025\/04\/Trockene-Auge-und-Premiumlinsen-700x441.jpg 700w\" sizes=\"(max-width: 320px) 100vw, 320px\" \/>\n\t\n\n\t\t<div class=\"fusion-rollover\">\n\t<div class=\"fusion-rollover-content\">\n\n\t\t\t\t\t\t\t\t\t\t\t\t\t\t<a class=\"fusion-rollover-link\" href=\"https:\/\/www.leydolt.at\/en\/premiumlinsen-bei-trockenen-augen\/\">Trockene Augen &#038; Premiumlinsen: Warum nicht jeder Patient f\u00fcr Multifokal- oder EDOF-Linsen geeignet ist<\/a>\n\t\t\t\n\t\t\t\t\t\t\t\t\t\t\t\t\t\t\n\t\t\t\t\t\t\t\t\n\t\t\t\t\t\t\t\t\t\t\t\t\t<div class=\"fusion-rollover-sep\"><\/div>\n\t\t\t\t\n\t\t\t\t\t\t\t\t\t\t\t\t\t\t\t\t\t\t<a class=\"fusion-rollover-gallery\" href=\"https:\/\/www.leydolt.at\/wp-content\/uploads\/2025\/04\/Trockene-Auge-und-Premiumlinsen-scaled.jpg\" data-id=\"2776\" data-rel=\"iLightbox[gallery]\" data-title=\"Trockene-Auge-und-Premiumlinsen\" data-caption=\"\">\n\t\t\t\t\t\tGallery\t\t\t\t\t<\/a>\n\t\t\t\t\t\t\t\t\t\t\t\t\t\t\n\t\t\t\t\n\t\t\t\t\t\t\t\t\t\t\t\t<h4 class=\"fusion-rollover-title\">\n\t\t\t\t\t<a class=\"fusion-rollover-title-link\" href=\"https:\/\/www.leydolt.at\/en\/premiumlinsen-bei-trockenen-augen\/\">\n\t\t\t\t\t\tTrockene Augen &#038; Premiumlinsen: Warum nicht jeder Patient f\u00fcr Multifokal- oder EDOF-Linsen geeignet ist\t\t\t\t\t<\/a>\n\t\t\t\t<\/h4>\n\t\t\t\n\t\t\t\t\t\t\t\t\t\t\t\t\t\t<div class=\"fusion-rollover-categories\"><a href=\"https:\/\/www.leydolt.at\/en\/category\/alterssichtigkeit\/\" rel=\"tag\">Alterssichtigkeit<\/a>, <a href=\"https:\/\/www.leydolt.at\/en\/category\/graue-star-operation\/\" rel=\"tag\">Graue Star Operation<\/a><\/div>\t\t\t\t\t\n\t\t\n\t\t\t\t<a class=\"fusion-link-wrapper\" href=\"https:\/\/www.leydolt.at\/en\/premiumlinsen-bei-trockenen-augen\/\" aria-label=\"Trockene Augen &#038; Premiumlinsen: Warum nicht jeder Patient f\u00fcr Multifokal- oder EDOF-Linsen geeignet ist\"><\/a>\n\t<\/div>\n<\/div>\n\n\t\n<\/div>\n<\/li>\n\t\t\t\n\t\t\t\n\t\t\t\t\t\t\t\t\t\t\t\t\t\t\t\t\t\t\t\t\t\t\t\t\t\t\t\t\t\t\t\t\t\t\t\t\t\t\t\t\t\t\t\t\t\t\t\t\t\t\t\t\t\t\t\t\t\t\t\t\t\t\t\t\t\t\t\t<\/ul>\n\t<\/div>\n\t<div class=\"fusion-post-content post-content\"><h2 class=\"blog-shortcode-post-title entry-title\"><a href=\"https:\/\/www.leydolt.at\/en\/premiumlinsen-bei-trockenen-augen\/\">Trockene Augen &#038; Premiumlinsen: Warum nicht jeder Patient f\u00fcr Multifokal- oder EDOF-Linsen geeignet ist<\/a><\/h2><div class=\"fusion-post-content-container\"><p>Premiumlinsen bei trockenen Augen - geht das? Die Entscheidung f\u00fcr eine Premiumlinse \u2013 sei es eine Multifokallinse oder eine EDOF-Linse (Extended Depth of Focus) \u2013 ist oft ein bedeutender Schritt hin zu mehr Lebensqualit\u00e4t und [...]<\/p><\/div><\/div><div class=\"fusion-clearfix\"><\/div><div class=\"fusion-meta-info\"><div class=\"fusion-alignleft\">By <span><a href=\"https:\/\/www.leydolt.at\/en\/author\/christina\/\" title=\"Posts by Christina Leydolt\" rel=\"author\">Christina Leydolt<\/a><\/span><span class=\"fusion-inline-sep\">|<\/span><span class=\"updated\" style=\"display:none;\">2025-04-11T10:41:42+02:00<\/span><span>11.04.2025<\/span><span class=\"fusion-inline-sep\">|<\/span><a href=\"https:\/\/www.leydolt.at\/en\/category\/alterssichtigkeit\/\" rel=\"category tag\">Alterssichtigkeit<\/a>, <a href=\"https:\/\/www.leydolt.at\/en\/category\/graue-star-operation\/\" rel=\"category tag\">Graue Star Operation<\/a><span class=\"fusion-inline-sep\">|<\/span><\/div><div class=\"fusion-alignright\"><a class=\"fusion-read-more\" href=\"https:\/\/www.leydolt.at\/en\/premiumlinsen-bei-trockenen-augen\/\" aria-label=\"More on Trockene Augen &#038; Premiumlinsen: Warum nicht jeder Patient f\u00fcr Multifokal- oder EDOF-Linsen geeignet ist\">Read More<\/a><\/div><\/div><\/article>\n<article id=\"blog-1-post-2757\" class=\"fusion-post-medium post-2757 post type-post status-publish format-standard has-post-thumbnail hentry category-graue-star-operation\">\n\t<style type=\"text\/css\">\n\t\t\n\t\t\n\t\t\n\t\t\n\t\t\t<\/style>\n\n\n\t\t\t<div class=\"fusion-flexslider flexslider fusion-flexslider-loading fusion-post-slideshow\" style=\"\">\n\t\t<ul class=\"slides\">\n\t\t\t\n\t\t\t\t\t\t\t\t\t\t\t\t\t\t<li>\n\n<div  class=\"fusion-image-wrapper fusion-image-size-fixed\" aria-haspopup=\"true\">\n\t\n\t\n\t\n\t\t\n\t\t\t\t\t<img decoding=\"async\" width=\"320\" height=\"202\" src=\"https:\/\/www.leydolt.at\/wp-content\/uploads\/2025\/04\/Torische-Linsen-Hornhautverkruemmung-Astigmatismus-320x202.jpg\" class=\"attachment-blog-medium size-blog-medium wp-post-image\" alt=\"Patient bekommt bei Grauer Star Operation torische Linsen zur Korrektur der Hornhautverkr\u00fcmmung eingesetzt\" srcset=\"https:\/\/www.leydolt.at\/wp-content\/uploads\/2025\/04\/Torische-Linsen-Hornhautverkruemmung-Astigmatismus-320x202.jpg 320w, https:\/\/www.leydolt.at\/wp-content\/uploads\/2025\/04\/Torische-Linsen-Hornhautverkruemmung-Astigmatismus-700x441.jpg 700w\" sizes=\"(max-width: 320px) 100vw, 320px\" \/>\n\t\n\n\t\t<div class=\"fusion-rollover\">\n\t<div class=\"fusion-rollover-content\">\n\n\t\t\t\t\t\t\t\t\t\t\t\t\t\t<a class=\"fusion-rollover-link\" href=\"https:\/\/www.leydolt.at\/en\/sind-torische-linsen-standard\/\">Sind torische Linsen Standard?<\/a>\n\t\t\t\n\t\t\t\t\t\t\t\t\t\t\t\t\t\t\n\t\t\t\t\t\t\t\t\n\t\t\t\t\t\t\t\t\t\t\t\t\t<div class=\"fusion-rollover-sep\"><\/div>\n\t\t\t\t\n\t\t\t\t\t\t\t\t\t\t\t\t\t\t\t\t\t\t<a class=\"fusion-rollover-gallery\" href=\"https:\/\/www.leydolt.at\/wp-content\/uploads\/2025\/04\/Torische-Linsen-Hornhautverkruemmung-Astigmatismus-scaled.jpg\" data-id=\"2757\" data-rel=\"iLightbox[gallery]\" data-title=\"Torische-Linsen-Hornhautverkr\u00fcmmung-Astigmatismus\" data-caption=\"\">\n\t\t\t\t\t\tGallery\t\t\t\t\t<\/a>\n\t\t\t\t\t\t\t\t\t\t\t\t\t\t\n\t\t\t\t\n\t\t\t\t\t\t\t\t\t\t\t\t<h4 class=\"fusion-rollover-title\">\n\t\t\t\t\t<a class=\"fusion-rollover-title-link\" href=\"https:\/\/www.leydolt.at\/en\/sind-torische-linsen-standard\/\">\n\t\t\t\t\t\tSind torische Linsen Standard?\t\t\t\t\t<\/a>\n\t\t\t\t<\/h4>\n\t\t\t\n\t\t\t\t\t\t\t\t\t\t\t\t\t\t<div class=\"fusion-rollover-categories\"><a href=\"https:\/\/www.leydolt.at\/en\/category\/graue-star-operation\/\" rel=\"tag\">Graue Star Operation<\/a><\/div>\t\t\t\t\t\n\t\t\n\t\t\t\t<a class=\"fusion-link-wrapper\" href=\"https:\/\/www.leydolt.at\/en\/sind-torische-linsen-standard\/\" aria-label=\"Sind torische Linsen Standard?\"><\/a>\n\t<\/div>\n<\/div>\n\n\t\n<\/div>\n<\/li>\n\t\t\t\n\t\t\t\n\t\t\t\t\t\t\t\t\t\t\t\t\t\t\t\t\t\t\t\t\t\t\t\t\t\t\t\t\t\t\t\t\t\t\t\t\t\t\t\t\t\t\t\t\t\t\t\t\t\t\t\t\t\t\t\t\t\t\t\t\t\t\t\t\t\t\t\t<\/ul>\n\t<\/div>\n\t<div class=\"fusion-post-content post-content\"><h2 class=\"blog-shortcode-post-title entry-title\"><a href=\"https:\/\/www.leydolt.at\/en\/sind-torische-linsen-standard\/\">Sind torische Linsen Standard?<\/a><\/h2><div class=\"fusion-post-content-container\"><p>Torische Linsen sind eine spezielle Art von Kunstlinsen (Intraokularlinsen, IOLs), die zur Korrektur einer Hornhautverkr\u00fcmmung (Astigmatismus) eingesetzt werden. Doch sind torische Linsen mittlerweile Standard bei einer Grauen-Star-Operation oder handelt es sich um eine Premium-Option? Was [...]<\/p><\/div><\/div><div class=\"fusion-clearfix\"><\/div><div class=\"fusion-meta-info\"><div class=\"fusion-alignleft\">By <span><a href=\"https:\/\/www.leydolt.at\/en\/author\/christina\/\" title=\"Posts by Christina Leydolt\" rel=\"author\">Christina Leydolt<\/a><\/span><span class=\"fusion-inline-sep\">|<\/span><span class=\"updated\" style=\"display:none;\">2025-04-04T13:35:24+02:00<\/span><span>04.04.2025<\/span><span class=\"fusion-inline-sep\">|<\/span><a href=\"https:\/\/www.leydolt.at\/en\/category\/graue-star-operation\/\" rel=\"category tag\">Graue Star Operation<\/a><span class=\"fusion-inline-sep\">|<\/span><\/div><div class=\"fusion-alignright\"><a class=\"fusion-read-more\" href=\"https:\/\/www.leydolt.at\/en\/sind-torische-linsen-standard\/\" aria-label=\"More on Sind torische Linsen Standard?\">Read More<\/a><\/div><\/div><\/article>\n<article id=\"blog-1-post-2747\" class=\"fusion-post-medium post-2747 post type-post status-publish format-standard has-post-thumbnail hentry category-augenerkrankungen\">\n\t<style type=\"text\/css\">\n\t\t\n\t\t\n\t\t\n\t\t\n\t\t\t<\/style>\n\n\n\t\t\t<div class=\"fusion-flexslider flexslider fusion-flexslider-loading fusion-post-slideshow\" style=\"\">\n\t\t<ul class=\"slides\">\n\t\t\t\n\t\t\t\t\t\t\t\t\t\t\t\t\t\t<li>\n\n<div  class=\"fusion-image-wrapper fusion-image-size-fixed\" aria-haspopup=\"true\">\n\t\n\t\n\t\n\t\t\n\t\t\t\t\t<img decoding=\"async\" width=\"320\" height=\"202\" src=\"https:\/\/www.leydolt.at\/wp-content\/uploads\/2025\/03\/Gerstenkorn-Hagelkorn-Chalazion-Behandlung-320x202.png\" class=\"attachment-blog-medium size-blog-medium wp-post-image\" alt=\"A close up of a person&#039;s eye with a green eye.\" srcset=\"https:\/\/www.leydolt.at\/wp-content\/uploads\/2025\/03\/Gerstenkorn-Hagelkorn-Chalazion-Behandlung-18x12.png 18w, https:\/\/www.leydolt.at\/wp-content\/uploads\/2025\/03\/Gerstenkorn-Hagelkorn-Chalazion-Behandlung-320x202.png 320w, https:\/\/www.leydolt.at\/wp-content\/uploads\/2025\/03\/Gerstenkorn-Hagelkorn-Chalazion-Behandlung-700x441.png 700w\" sizes=\"(max-width: 320px) 100vw, 320px\" \/>\n\t\n\n\t\t<div class=\"fusion-rollover\">\n\t<div class=\"fusion-rollover-content\">\n\n\t\t\t\t\t\t\t\t\t\t\t\t\t\t<a class=\"fusion-rollover-link\" href=\"https:\/\/www.leydolt.at\/en\/chalazion-hagelkorn-behandlungsmoeglichkeiten\/\">Chalazion (Hagelkorn): Ursachen, Behandlungsm\u00f6glichkeiten und schnelle Hilfe in unserer Praxis<\/a>\n\t\t\t\n\t\t\t\t\t\t\t\t\t\t\t\t\t\t\n\t\t\t\t\t\t\t\t\n\t\t\t\t\t\t\t\t\t\t\t\t\t<div class=\"fusion-rollover-sep\"><\/div>\n\t\t\t\t\n\t\t\t\t\t\t\t\t\t\t\t\t\t\t\t\t\t\t<a class=\"fusion-rollover-gallery\" href=\"https:\/\/www.leydolt.at\/wp-content\/uploads\/2025\/03\/Gerstenkorn-Hagelkorn-Chalazion-Behandlung.png\" data-id=\"2747\" data-rel=\"iLightbox[gallery]\" data-title=\"Gerstenkorn-Hagelkorn-Chalazion-Behandlung\" data-caption=\"\">\n\t\t\t\t\t\tGallery\t\t\t\t\t<\/a>\n\t\t\t\t\t\t\t\t\t\t\t\t\t\t\n\t\t\t\t\n\t\t\t\t\t\t\t\t\t\t\t\t<h4 class=\"fusion-rollover-title\">\n\t\t\t\t\t<a class=\"fusion-rollover-title-link\" href=\"https:\/\/www.leydolt.at\/en\/chalazion-hagelkorn-behandlungsmoeglichkeiten\/\">\n\t\t\t\t\t\tChalazion (Hagelkorn): Ursachen, Behandlungsm\u00f6glichkeiten und schnelle Hilfe in unserer Praxis\t\t\t\t\t<\/a>\n\t\t\t\t<\/h4>\n\t\t\t\n\t\t\t\t\t\t\t\t\t\t\t\t\t\t<div class=\"fusion-rollover-categories\"><a href=\"https:\/\/www.leydolt.at\/en\/category\/augenerkrankungen\/\" rel=\"tag\">Augenerkrankungen<\/a><\/div>\t\t\t\t\t\n\t\t\n\t\t\t\t<a class=\"fusion-link-wrapper\" href=\"https:\/\/www.leydolt.at\/en\/chalazion-hagelkorn-behandlungsmoeglichkeiten\/\" aria-label=\"Chalazion (Hagelkorn): Ursachen, Behandlungsm\u00f6glichkeiten und schnelle Hilfe in unserer Praxis\"><\/a>\n\t<\/div>\n<\/div>\n\n\t\n<\/div>\n<\/li>\n\t\t\t\n\t\t\t\n\t\t\t\t\t\t\t\t\t\t\t\t\t\t\t\t\t\t\t\t\t\t\t\t\t\t\t\t\t\t\t\t\t\t\t\t\t\t\t\t\t\t\t\t\t\t\t\t\t\t\t\t\t\t\t\t\t\t\t\t\t\t\t\t\t\t\t\t<\/ul>\n\t<\/div>\n\t<div class=\"fusion-post-content post-content\"><h2 class=\"blog-shortcode-post-title entry-title\"><a href=\"https:\/\/www.leydolt.at\/en\/chalazion-hagelkorn-behandlungsmoeglichkeiten\/\">Chalazion (Hagelkorn): Ursachen, Behandlungsm\u00f6glichkeiten und schnelle Hilfe in unserer Praxis<\/a><\/h2><div class=\"fusion-post-content-container\"><p>Ein Chalazion, auch bekannt als Hagelkorn, ist eine weit verbreitete, aber oft untersch\u00e4tzte Lidrandver\u00e4nderung. Es kann nicht nur kosmetisch st\u00f6rend sein, sondern in manchen F\u00e4llen auch das Sehen beeintr\u00e4chtigen. In diesem Beitrag erfahren Sie, was [...]<\/p><\/div><\/div><div class=\"fusion-clearfix\"><\/div><div class=\"fusion-meta-info\"><div class=\"fusion-alignleft\">By <span><a href=\"https:\/\/www.leydolt.at\/en\/author\/christina\/\" title=\"Posts by Christina Leydolt\" rel=\"author\">Christina Leydolt<\/a><\/span><span class=\"fusion-inline-sep\">|<\/span><span class=\"updated\" style=\"display:none;\">2025-03-30T17:12:30+02:00<\/span><span>30.03.2025<\/span><span class=\"fusion-inline-sep\">|<\/span><a href=\"https:\/\/www.leydolt.at\/en\/category\/augenerkrankungen\/\" rel=\"category tag\">Augenerkrankungen<\/a><span class=\"fusion-inline-sep\">|<\/span><\/div><div class=\"fusion-alignright\"><a class=\"fusion-read-more\" href=\"https:\/\/www.leydolt.at\/en\/chalazion-hagelkorn-behandlungsmoeglichkeiten\/\" aria-label=\"More on Chalazion (Hagelkorn): Ursachen, Behandlungsm\u00f6glichkeiten und schnelle Hilfe in unserer Praxis\">Read More<\/a><\/div><\/div><\/article>\n<article id=\"blog-1-post-2726\" class=\"fusion-post-medium post-2726 post type-post status-publish format-standard has-post-thumbnail hentry category-allgemeines category-graue-star-operation\">\n\t<style type=\"text\/css\">\n\t\t\n\t\t\n\t\t\n\t\t\n\t\t\t<\/style>\n\n\n\t\t\t<div class=\"fusion-flexslider flexslider fusion-flexslider-loading fusion-post-slideshow\" style=\"\">\n\t\t<ul class=\"slides\">\n\t\t\t\n\t\t\t\t\t\t\t\t\t\t\t\t\t\t<li>\n\n<div  class=\"fusion-image-wrapper fusion-image-size-fixed\" aria-haspopup=\"true\">\n\t\n\t\n\t\n\t\t\n\t\t\t\t\t<img decoding=\"async\" width=\"320\" height=\"202\" src=\"https:\/\/www.leydolt.at\/wp-content\/uploads\/2025\/03\/Urache-Grauer-Star-320x202.jpg\" class=\"attachment-blog-medium size-blog-medium wp-post-image\" alt=\"\u00c4lterer Mann mit Brille blickt nachdenklich in die Ferne \u2013 Symbolbild f\u00fcr die Ursachen und Auswirkungen des Grauen Stars auf das Sehverm\u00f6gen.\" srcset=\"https:\/\/www.leydolt.at\/wp-content\/uploads\/2025\/03\/Urache-Grauer-Star-320x202.jpg 320w, https:\/\/www.leydolt.at\/wp-content\/uploads\/2025\/03\/Urache-Grauer-Star-700x441.jpg 700w\" sizes=\"(max-width: 320px) 100vw, 320px\" \/>\n\t\n\n\t\t<div class=\"fusion-rollover\">\n\t<div class=\"fusion-rollover-content\">\n\n\t\t\t\t\t\t\t\t\t\t\t\t\t\t<a class=\"fusion-rollover-link\" href=\"https:\/\/www.leydolt.at\/en\/ursachen-und-risikofaktoren-des-grauen-stars\/\">Ursachen und Risikofaktoren \u2013 Welche Faktoren beg\u00fcnstigen die Entstehung des Grauen Stars?<\/a>\n\t\t\t\n\t\t\t\t\t\t\t\t\t\t\t\t\t\t\n\t\t\t\t\t\t\t\t\n\t\t\t\t\t\t\t\t\t\t\t\t\t<div class=\"fusion-rollover-sep\"><\/div>\n\t\t\t\t\n\t\t\t\t\t\t\t\t\t\t\t\t\t\t\t\t\t\t<a class=\"fusion-rollover-gallery\" href=\"https:\/\/www.leydolt.at\/wp-content\/uploads\/2025\/03\/Urache-Grauer-Star-scaled.jpg\" data-id=\"2726\" data-rel=\"iLightbox[gallery]\" data-title=\"Urache-Grauer-Star\" data-caption=\"\">\n\t\t\t\t\t\tGallery\t\t\t\t\t<\/a>\n\t\t\t\t\t\t\t\t\t\t\t\t\t\t\n\t\t\t\t\n\t\t\t\t\t\t\t\t\t\t\t\t<h4 class=\"fusion-rollover-title\">\n\t\t\t\t\t<a class=\"fusion-rollover-title-link\" href=\"https:\/\/www.leydolt.at\/en\/ursachen-und-risikofaktoren-des-grauen-stars\/\">\n\t\t\t\t\t\tUrsachen und Risikofaktoren \u2013 Welche Faktoren beg\u00fcnstigen die Entstehung des Grauen Stars?\t\t\t\t\t<\/a>\n\t\t\t\t<\/h4>\n\t\t\t\n\t\t\t\t\t\t\t\t\t\t\t\t\t\t<div class=\"fusion-rollover-categories\"><a href=\"https:\/\/www.leydolt.at\/en\/category\/allgemeines\/\" rel=\"tag\">Allgemeines<\/a>, <a href=\"https:\/\/www.leydolt.at\/en\/category\/graue-star-operation\/\" rel=\"tag\">Graue Star Operation<\/a><\/div>\t\t\t\t\t\n\t\t\n\t\t\t\t<a class=\"fusion-link-wrapper\" href=\"https:\/\/www.leydolt.at\/en\/ursachen-und-risikofaktoren-des-grauen-stars\/\" aria-label=\"Ursachen und Risikofaktoren \u2013 Welche Faktoren beg\u00fcnstigen die Entstehung des Grauen Stars?\"><\/a>\n\t<\/div>\n<\/div>\n\n\t\n<\/div>\n<\/li>\n\t\t\t\n\t\t\t\n\t\t\t\t\t\t\t\t\t\t\t\t\t\t\t\t\t\t\t\t\t\t\t\t\t\t\t\t\t\t\t\t\t\t\t\t\t\t\t\t\t\t\t\t\t\t\t\t\t\t\t\t\t\t\t\t\t\t\t\t\t\t\t\t\t\t\t\t<\/ul>\n\t<\/div>\n\t<div class=\"fusion-post-content post-content\"><h2 class=\"blog-shortcode-post-title entry-title\"><a href=\"https:\/\/www.leydolt.at\/en\/ursachen-und-risikofaktoren-des-grauen-stars\/\">Ursachen und Risikofaktoren \u2013 Welche Faktoren beg\u00fcnstigen die Entstehung des Grauen Stars?<\/a><\/h2><div class=\"fusion-post-content-container\"><p>Der Graue Star, medizinisch als Katarakt bezeichnet, ist eine Augenerkrankung, bei der die Augenlinse zunehmend tr\u00fcbe wird, was zu einer Verschlechterung des Sehverm\u00f6gens f\u00fchrt. Diese Erkrankung tritt h\u00e4ufig im Alter auf, kann jedoch auch durch [...]<\/p><\/div><\/div><div class=\"fusion-clearfix\"><\/div><div class=\"fusion-meta-info\"><div class=\"fusion-alignleft\">By <span><a href=\"https:\/\/www.leydolt.at\/en\/author\/christina\/\" title=\"Posts by Christina Leydolt\" rel=\"author\">Christina Leydolt<\/a><\/span><span class=\"fusion-inline-sep\">|<\/span><span class=\"updated\" style=\"display:none;\">2025-05-25T16:58:44+02:00<\/span><span>23.03.2025<\/span><span class=\"fusion-inline-sep\">|<\/span><a href=\"https:\/\/www.leydolt.at\/en\/category\/allgemeines\/\" rel=\"category tag\">Allgemeines<\/a>, <a href=\"https:\/\/www.leydolt.at\/en\/category\/graue-star-operation\/\" rel=\"category tag\">Graue Star Operation<\/a><span class=\"fusion-inline-sep\">|<\/span><\/div><div class=\"fusion-alignright\"><a class=\"fusion-read-more\" href=\"https:\/\/www.leydolt.at\/en\/ursachen-und-risikofaktoren-des-grauen-stars\/\" aria-label=\"More on Ursachen und Risikofaktoren \u2013 Welche Faktoren beg\u00fcnstigen die Entstehung des Grauen Stars?\">Read More<\/a><\/div><\/div><\/article>\n<\/div><div class=\"pagination clearfix\"><span class=\"current\">1<\/span><a href=\"https:\/\/www.leydolt.at\/en\/wp-json\/wp\/v2\/pages\/2139\/page\/2\/\" class=\"inactive\">2<\/a><a class=\"pagination-next\" rel=\"next\" href=\"https:\/\/www.leydolt.at\/en\/wp-json\/wp\/v2\/pages\/2139\/page\/2\/\"><span class=\"page-text\">Next<\/span><span class=\"page-next\"><\/span><\/a><\/div><div class=\"fusion-clearfix\"><\/div><\/div><\/div><\/div><style type=\"text\/css\">.fusion-body .fusion-builder-column-0{width:100% !important;margin-top : 0px;margin-bottom : 20px;}.fusion-builder-column-0 > .fusion-column-wrapper {padding-top : 0px !important;padding-right : 0px !important;margin-right : 1.92%;padding-bottom : 0px !important;padding-left : 0px !important;margin-left : 1.92%;}@media only screen and (max-width:1024px) {.fusion-body .fusion-builder-column-0{width:100% !important;order : 0;}.fusion-builder-column-0 > .fusion-column-wrapper {margin-right : 1.92%;margin-left : 1.92%;}}@media only screen and (max-width:640px) {.fusion-body .fusion-builder-column-0{width:100% !important;order : 0;}.fusion-builder-column-0 > .fusion-column-wrapper {margin-right : 1.92%;margin-left : 1.92%;}}<\/style><\/div><style type=\"text\/css\">.fusion-body .fusion-flex-container.fusion-builder-row-1{ padding-top : 0px;margin-top : 0px;padding-right : 0px;padding-bottom : 0px;margin-bottom : 0px;padding-left : 0px;}<\/style><\/div>","protected":false},"excerpt":{"rendered":"","protected":false},"author":3,"featured_media":0,"parent":0,"menu_order":0,"comment_status":"closed","ping_status":"closed","template":"","meta":{"footnotes":""},"class_list":["post-2139","page","type-page","status-publish","hentry"],"rankMath":{"parentDomain":"www.leydolt.at","noFollowDomains":[],"noFollowExcludeDomains":[],"noFollowExternalLinks":false,"featuredImageNotice":"The featured image should be at least 200 by 200 pixels to be picked up by Facebook and other social media sites.","pluginReviewed":false,"postSettings":{"linkSuggestions":true,"useFocusKeyword":false},"frontEndScore":false,"postName":"ursachen-und-risikofaktoren-des-grauen-stars","permalinkFormat":"https:\/\/www.leydolt.at\/en\/%postname%\/","showLockModifiedDate":true,"assessor":{"focusKeywordLink":"https:\/\/www.leydolt.at\/wp-admin\/edit.php?focus_keyword=%focus_keyword%&post_type=%post_type%","hasTOCPlugin":false,"primaryTaxonomy":{"title":"Category","name":"category","singularLabel":"Category","restBase":"categories"},"serpData":{"title":"","description":"Was sind die Ursachen und Risikofaktoren f\u00fcr den Grauen Star? Erfahren Sie, welche Faktoren die Entstehung der Linsentr\u00fcbung beg\u00fcnstigen und wie Sie Ihr Risiko senken k\u00f6nnen.","focusKeywords":"ursachen","pillarContent":false,"canonicalUrl":"","breadcrumbTitle":"","advancedRobots":[],"facebookTitle":"","facebookDescription":"","facebookImage":"","facebookImageID":"","facebookHasOverlay":false,"facebookImageOverlay":"","facebookAuthor":"","twitterCardType":"","twitterUseFacebook":true,"twitterTitle":"","twitterDescription":"","twitterImage":"","twitterImageID":"","twitterHasOverlay":false,"twitterImageOverlay":"","twitterPlayerUrl":"","twitterPlayerSize":"","twitterPlayerStream":"","twitterPlayerStreamCtype":"","twitterAppDescription":"","twitterAppIphoneName":"","twitterAppIphoneID":"","twitterAppIphoneUrl":"","twitterAppIpadName":"","twitterAppIpadID":"","twitterAppIpadUrl":"","twitterAppGoogleplayName":"","twitterAppGoogleplayID":"","twitterAppGoogleplayUrl":"","twitterAppCountry":"","robots":{"index":true},"twitterAuthor":"username","primaryTerm":0,"authorName":"Christina Leydolt","titleTemplate":"%title% %sep% %sitename%","descriptionTemplate":"%excerpt%","showScoreFrontend":true,"lockModifiedDate":false},"powerWords":["a cut above","absolute","absolutely","absolutely lowest","absurd","abuse","accurate","accuse","achieve","actionable","adaptable","adequate","admit","adorable","advantage","advice","affordable","aggravate","aggressive","agitated","agonizing","agony","alarmed","alarming","alienated","aligned","alive","all-inclusive","alluring","always","amazing","amp","animated","annihilate","announcing","anonymous","antagonistic","anxious","apocalypse","appalled","approved","approving","argumentative","armageddon","arrogant","ass kicking","assault","assured","astonishing","astounded","astounding","at ease","atrocious","attack","attractive","audacity","authentic","authoritative","authority","avoid","aware","awe-inspiring","awesome","awkward","backbone","backdoor","backed","backlash","backstabbing","badass","balanced","banned","bargain","barrage","basic","battle","beaming","beat down","beating","beautiful","beauty","begging","behind the scenes","belief","belong","best","best-selling","better","beware","big","billion","black market","blacklisted","blast","blessed","blinded","blissful","blood","bloodbath","bloodcurdling","bloody","blunder","blushing","bold","bomb","bona","bona fide","bonanza","bonus","bootleg","bottom line","bountiful","brave","bravery","brazen","break","breaking","breakthrough","breathtaking","bright","brilliant","broke","brutal","budget","buffoon","bullshit","bully","bumbling","buy","cadaver","calm","cancel anytime","capable","captivate","captivating","carefree","case study","cash","cataclysmic","catapult","catastrophe","caution","censored","centered","certain","certainly","certified","challenge","charming","cheap","cheat","cheat-sheet","cheer","cheerful","child-like","clarity","classified","clear","clueless","collapse","colorful","colossal","comfortable","compare","competitive","complete","completely","completeness","comprehensive","compromise","compulsive","concealed","conclusive","condemning","condescending","confess","confession","confessions","confident","confidential","conquer","conscientious","constructive","content","contrary","controlling","controversial","convenient","convert","cool","cooperative","copy","corpse","corrupt","corrupting","courage","courageous","cover-up","covert","coward","cowardly","crammed","crave","crazy","create","creative","cringeworthy","cripple","crisis","critical","crooked","crush","crushing","damaging","danger","dangerous","daring","dazzling","dead","deadline","deadly","death","decadent","deceived","deceptive","deep","defiance","definitely","definitive","defying","dejected","delicious","delight","delighted","delightful","delirious","delivered","demoralizing","deplorable","depraved","desire","desperate","despicable","destiny","destroy","detailed","devastating","devoted","diagnosed","direct","dirty","disadvantages","disastrous","discount","discover","disdainful","disempowered","disgusted","disgusting","dishonest","disillusioned","disoriented","distracted","distraught","distressed","distrustful","divulge","document","dollar","dominate","doomed","double","doubtful","download","dreadful","dreamy","drive","drowning","dumb","dynamic","eager","earnest","easily","easy","economical","ecstatic","edge","effective","efficient","effortless","elated","eliminate","elite","embarrass","embarrassed","embarrassing","emergency","emerging","emphasize","empowered","enchant","encouraged","endorsed","energetic","energy","enormous","enraged","enthusiastic","envy","epic","epidemic","essential","ethical","euphoric","evil","exactly","exasperated","excellent","excited","excitement","exciting","exclusive","exclusivity","excruciating","exhilarated","expensive","expert","explode","exploit","explosive","exposed","exquisite","extra","extraordinary","extremely","exuberant","eye-opening","fail","fail-proof","failure","faith","famous","fantasy","fascinating","fatigued","faux","faux pas","fearless","feast","feeble","festive","fide","fierce","fight","final","fine","fired","first","first ever","flirt","fluid","focus","focused","fool","fooled","foolish","forbidden","force-fed","forever","forgiving","forgotten","formula","fortune","foul","frantic","free","freebie","freedom","frenzied","frenzy","frightening","frisky","frugal","frustrated","fulfill","fulfilled","full","fully","fun","fun-loving","fundamentals","funniest","funny","furious","gambling","gargantuan","genius","genuine","gift","gigantic","giveaway","glamorous","gleeful","glorious","glowing","goddamn","gorgeous","graceful","grateful","gratified","gravity","great","greatest","greatness","greed","greedy","gripping","grit","grounded","growth","guaranteed","guilt","guilt-free","gullible","guts","hack","happiness","happy","harmful","harsh","hate","have you heard","havoc","hazardous","healthy","heart","heartbreaking","heartwarming","heavenly","hell","helpful","helplessness","hero","hesitant","hidden","high tech","highest","highly effective","hilarious","hoak","hoax","honest","honored","hope","hopeful","horribly","horrific","horrifying","horror","hostile","how to","huge","humility","humor","hurricane","hurry","hypnotic","idiot","ignite","illegal","illusive","imagination","immediately","imminently","impatience","impatient","impenetrable","important","impressive","improved","in the zone","incapable","incapacitated","incompetent","inconsiderate","increase","incredible","indecisive","indulgence","indulgent","inexpensive","inferior","informative","infuriated","ingredients","innocent","innovative","insane","insecure","insider","insidious","inspired","inspiring","instant savings","instantly","instructive","insult","intel","intelligent","intense","interesting","intriguing","introducing","invasion","investment","iron-clad","ironclad","irresistible","irs","is here","jackpot","jail","jaw-dropping","jealous","jeopardy","jittery","jovial","joyous","jubilant","judgmental","jumpstart","just arrived","keen","kickass","kickstart","kill","killed","killing","kills","know it all","lame","largest","lascivious","last","last chance","last minute","latest","laugh","laughing","launch","launching","lavishly","lawsuit","lazy","left behind","legendary","legitimate","liberal","liberated","lick","lies","life-changing","lifetime","light","lighthearted","likely","limited","literally","little-known","loathsome","lonely","looming","loser","lost","love","lucrative","lunatic","lurking","lust","luxurious","luxury","lying","magic","magical","magnificent","mainstream","malicious","mammoth","manipulative","marked down","massive","master","masterclass","maul","mediocre","meditative","meltdown","memorability","memorable","menacing","mesmerizing","meticulous","mind-blowing","minimalist","miracle","mired","mischievous","misgiving","missing out","mistake","monetize","money","moneyback","moneygrubbing","monumental","most important","motivated","mouth-watering","murder","mystery","nail","naked","natural","naughty","nazi","nest egg","never","new","nightmare","no good","no obligation","no one talks about","no questions asked","no risk","no strings attached","non-controlling","noted","novelty","now","obnoxious","obsessed","obsession","obvious","odd","off-kilter","off-limits","off-the record","offensive","official","okay","on-demand","open-minded","opportunities","optimistic","ordeal","outlawed","outrageousness","outstanding","overcome","overjoyed","overnight","overwhelmed","packed","painful","painless","painstaking","pale","panic","panicked","paralyzed","pas","passionate","pathetic","pay zero","payback","perfect","peril","perplexed","perspective","pessimistic","pioneering","piranha","pitfall","pitiful","placid","plague","played","playful","pleased","pluck","plummet","plunge","poison","poisonous","polarizing","poor","popular","portfolio","pound","powerful","powerless","practical","preposterous","prestige","price","priceless","pride","prison","privacy","private","privileged","prize","problem","productive","professional","profit","profitable","profound","promiscuous","promising","promote","protect","protected","proven","provocative","provoke","psychological","pummel","punch","punish","pus","quadruple","quality","quarrelsome","quick","quick-start","quickly","quiet","radiant","rare","ravenous","rebellious","recession-proof","reckoning","recognized","recommend","recreate","reduced","reflective","refugee","refund","refundable","reject","relaxed","release","relentless","reliable","remarkable","replicate","report","reprimanding","repulsed","repulsive","research","resentful","resourceful","responsible","responsive","rested","restricted","results","retaliating","reveal","revealing","revenge","revengeful","revisited","revolting","revolutionary","reward","rich","ridiculous","risky","riveting","rookie","rowdy","ruin","rules","ruthless","sabotaging","sacred","sadistic","sadly","sadness","safe","safety","sale","sampler","sarcastic","satisfied","savage","savagery","save","savings","savvy","scam","scandal","scandalous","scarce","scared","scary","scornful","scream","searing","secret","secret agenda","secret plot","secrets","secure","security","seductive","seething","seize","selected","self-hating","self-sufficient","sensational","senseless","sensual","serene","seriously","severe","sex","sexy","shaking","shameful","shameless","shaming","shatter","shellacking","shocking","should","shrewd","sick and tired","signs","silly","simple","simplicity","simplified","simplistic","sincere","sinful","sins","six-figure","sizable","sizzle","sizzled","sizzles","sizzling","sizzlingly","skill","skyrocket","slaughter","slave","sleazy","sleeping","sly","smash","smiling","smug","smuggle","smuggled","sneak-peek","sneaky","sniveling","snob","snooty","snotty","soar","soaring","solid","solution","spank","special","spectacular","speedy","spell-binding","spine","spirit","spirited","spiteful","spoiler","spontaneous","spotlight","spunky","squirming","stable","staggering","startling","steady","steal","stealthy","steamy","step-by-step","still","stoic","stop","strange","strangle","strategy","stressed","strong","strongly suggest","struggle","stuck up","studies","stunning","stupid","stupid-simple","sturdy","sublime","succeed","success","successful","suck","suddenly","suffer","sunny","super","super-human","superb","supercharge","superior","supported","supportive","sure","sure fire","surefire","surge","surging","surprise","surprised","surprising","survival","survive","suspicious","sweaty","swoon","swoon-worthy","tailspin","tank","tantalizing","targeted","tawdry","tease","technology","teetering","tempting","tenacious","tense","terrible","terrific","terrified","terrifying","terror","terrorist","tested","thankful","the truth","threaten","threatened","thrilled","thrilling","thug","ticked off","tickled","timely","today","torture","toxic","track record","trade secret","tragedy","tragic","transform","transparency","trap","trapped","trauma","traumatized","treacherous","treasure","tremendous","trend","tricks","triggers","triple","triumph","truly","trusting","trustworthy","truth","truthful","turbo-charge","turbocharges","tweaks","twitching","ultimate","unadulterated","unassuming","unauthorized","unbelievable","unburdened","uncaring","uncensored","uncertain","uncomfortable","unconditional","uncontrollable","unconventional","uncovered","undeniable","under priced","undercover","underground","underhanded","underused","unexpected","unforgettable","unheard of","unhurried","uninterested","unique","unjustified","unknowingly","unleashed","unlimited","unlock","unparalleled","unpopular","unreliable","unresponsive","unseen","unstable","unstoppable","unsure","unsurpassed","untapped","unusual","up-sell","upbeat","uplifted","uplifting","urge","urgent","useful","useless","validate","valor","valuable","value","vanquish","vaporize","venomous","verify","vibrant","vicious","victim","victory","vigorous","vilified","vindictive","violated","violent","volatile","vulnerable","waiting","wanted","wanton","warning","waste","weak","wealth","weird","what no one tells you","whip","whopping","wicked","wild","willpower","withheld","wonderful","wondrous","woozy","world","worry","worst","worthwhile","wounded","wreaking","youthful","zen","zinger"],"diacritics":{"A":"[\\u0041\\u24B6\\uFF21\\u00C0\\u00C1\\u00C2\\u1EA6\\u1EA4\\u1EAA\\u1EA8\\u00C3\\u0100\\u0102\\u1EB0\\u1EAE\\u1EB4\\u1EB2\\u0226\\u01E0\\u00C4\\u01DE\\u1EA2\\u00C5\\u01FA\\u01CD\\u0200\\u0202\\u1EA0\\u1EAC\\u1EB6\\u1E00\\u0104\\u023A\\u2C6F]","AA":"[\\uA732]","AE":"[\\u00C6\\u01FC\\u01E2]","AO":"[\\uA734]","AU":"[\\uA736]","AV":"[\\uA738\\uA73A]","AY":"[\\uA73C]","B":"[\\u0042\\u24B7\\uFF22\\u1E02\\u1E04\\u1E06\\u0243\\u0182\\u0181]","C":"[\\u0043\\u24B8\\uFF23\\u0106\\u0108\\u010A\\u010C\\u00C7\\u1E08\\u0187\\u023B\\uA73E]","D":"[\\u0044\\u24B9\\uFF24\\u1E0A\\u010E\\u1E0C\\u1E10\\u1E12\\u1E0E\\u0110\\u018B\\u018A\\u0189\\uA779]","DZ":"[\\u01F1\\u01C4]","Dz":"[\\u01F2\\u01C5]","E":"[\\u0045\\u24BA\\uFF25\\u00C8\\u00C9\\u00CA\\u1EC0\\u1EBE\\u1EC4\\u1EC2\\u1EBC\\u0112\\u1E14\\u1E16\\u0114\\u0116\\u00CB\\u1EBA\\u011A\\u0204\\u0206\\u1EB8\\u1EC6\\u0228\\u1E1C\\u0118\\u1E18\\u1E1A\\u0190\\u018E]","F":"[\\u0046\\u24BB\\uFF26\\u1E1E\\u0191\\uA77B]","G":"[\\u0047\\u24BC\\uFF27\\u01F4\\u011C\\u1E20\\u011E\\u0120\\u01E6\\u0122\\u01E4\\u0193\\uA7A0\\uA77D\\uA77E]","H":"[\\u0048\\u24BD\\uFF28\\u0124\\u1E22\\u1E26\\u021E\\u1E24\\u1E28\\u1E2A\\u0126\\u2C67\\u2C75\\uA78D]","I":"[\\u0049\\u24BE\\uFF29\\u00CC\\u00CD\\u00CE\\u0128\\u012A\\u012C\\u0130\\u00CF\\u1E2E\\u1EC8\\u01CF\\u0208\\u020A\\u1ECA\\u012E\\u1E2C\\u0197]","J":"[\\u004A\\u24BF\\uFF2A\\u0134\\u0248]","K":"[\\u004B\\u24C0\\uFF2B\\u1E30\\u01E8\\u1E32\\u0136\\u1E34\\u0198\\u2C69\\uA740\\uA742\\uA744\\uA7A2]","L":"[\\u004C\\u24C1\\uFF2C\\u013F\\u0139\\u013D\\u1E36\\u1E38\\u013B\\u1E3C\\u1E3A\\u0141\\u023D\\u2C62\\u2C60\\uA748\\uA746\\uA780]","LJ":"[\\u01C7]","Lj":"[\\u01C8]","M":"[\\u004D\\u24C2\\uFF2D\\u1E3E\\u1E40\\u1E42\\u2C6E\\u019C]","N":"[\\u004E\\u24C3\\uFF2E\\u01F8\\u0143\\u00D1\\u1E44\\u0147\\u1E46\\u0145\\u1E4A\\u1E48\\u0220\\u019D\\uA790\\uA7A4]","NJ":"[\\u01CA]","Nj":"[\\u01CB]","O":"[\\u004F\\u24C4\\uFF2F\\u00D2\\u00D3\\u00D4\\u1ED2\\u1ED0\\u1ED6\\u1ED4\\u00D5\\u1E4C\\u022C\\u1E4E\\u014C\\u1E50\\u1E52\\u014E\\u022E\\u0230\\u00D6\\u022A\\u1ECE\\u0150\\u01D1\\u020C\\u020E\\u01A0\\u1EDC\\u1EDA\\u1EE0\\u1EDE\\u1EE2\\u1ECC\\u1ED8\\u01EA\\u01EC\\u00D8\\u01FE\\u0186\\u019F\\uA74A\\uA74C]","OI":"[\\u01A2]","OO":"[\\uA74E]","OU":"[\\u0222]","P":"[\\u0050\\u24C5\\uFF30\\u1E54\\u1E56\\u01A4\\u2C63\\uA750\\uA752\\uA754]","Q":"[\\u0051\\u24C6\\uFF31\\uA756\\uA758\\u024A]","R":"[\\u0052\\u24C7\\uFF32\\u0154\\u1E58\\u0158\\u0210\\u0212\\u1E5A\\u1E5C\\u0156\\u1E5E\\u024C\\u2C64\\uA75A\\uA7A6\\uA782]","S":"[\\u0053\\u24C8\\uFF33\\u1E9E\\u015A\\u1E64\\u015C\\u1E60\\u0160\\u1E66\\u1E62\\u1E68\\u0218\\u015E\\u2C7E\\uA7A8\\uA784]","T":"[\\u0054\\u24C9\\uFF34\\u1E6A\\u0164\\u1E6C\\u021A\\u0162\\u1E70\\u1E6E\\u0166\\u01AC\\u01AE\\u023E\\uA786]","TZ":"[\\uA728]","U":"[\\u0055\\u24CA\\uFF35\\u00D9\\u00DA\\u00DB\\u0168\\u1E78\\u016A\\u1E7A\\u016C\\u00DC\\u01DB\\u01D7\\u01D5\\u01D9\\u1EE6\\u016E\\u0170\\u01D3\\u0214\\u0216\\u01AF\\u1EEA\\u1EE8\\u1EEE\\u1EEC\\u1EF0\\u1EE4\\u1E72\\u0172\\u1E76\\u1E74\\u0244]","V":"[\\u0056\\u24CB\\uFF36\\u1E7C\\u1E7E\\u01B2\\uA75E\\u0245]","VY":"[\\uA760]","W":"[\\u0057\\u24CC\\uFF37\\u1E80\\u1E82\\u0174\\u1E86\\u1E84\\u1E88\\u2C72]","X":"[\\u0058\\u24CD\\uFF38\\u1E8A\\u1E8C]","Y":"[\\u0059\\u24CE\\uFF39\\u1EF2\\u00DD\\u0176\\u1EF8\\u0232\\u1E8E\\u0178\\u1EF6\\u1EF4\\u01B3\\u024E\\u1EFE]","Z":"[\\u005A\\u24CF\\uFF3A\\u0179\\u1E90\\u017B\\u017D\\u1E92\\u1E94\\u01B5\\u0224\\u2C7F\\u2C6B\\uA762]","a":"[\\u0061\\u24D0\\uFF41\\u1E9A\\u00E0\\u00E1\\u00E2\\u1EA7\\u1EA5\\u1EAB\\u1EA9\\u00E3\\u0101\\u0103\\u1EB1\\u1EAF\\u1EB5\\u1EB3\\u0227\\u01E1\\u00E4\\u01DF\\u1EA3\\u00E5\\u01FB\\u01CE\\u0201\\u0203\\u1EA1\\u1EAD\\u1EB7\\u1E01\\u0105\\u2C65\\u0250]","aa":"[\\uA733]","ae":"[\\u00E6\\u01FD\\u01E3]","ao":"[\\uA735]","au":"[\\uA737]","av":"[\\uA739\\uA73B]","ay":"[\\uA73D]","b":"[\\u0062\\u24D1\\uFF42\\u1E03\\u1E05\\u1E07\\u0180\\u0183\\u0253]","c":"[\\u0063\\u24D2\\uFF43\\u0107\\u0109\\u010B\\u010D\\u00E7\\u1E09\\u0188\\u023C\\uA73F\\u2184]","d":"[\\u0064\\u24D3\\uFF44\\u1E0B\\u010F\\u1E0D\\u1E11\\u1E13\\u1E0F\\u0111\\u018C\\u0256\\u0257\\uA77A]","dz":"[\\u01F3\\u01C6]","e":"[\\u0065\\u24D4\\uFF45\\u00E8\\u00E9\\u00EA\\u1EC1\\u1EBF\\u1EC5\\u1EC3\\u1EBD\\u0113\\u1E15\\u1E17\\u0115\\u0117\\u00EB\\u1EBB\\u011B\\u0205\\u0207\\u1EB9\\u1EC7\\u0229\\u1E1D\\u0119\\u1E19\\u1E1B\\u0247\\u025B\\u01DD]","f":"[\\u0066\\u24D5\\uFF46\\u1E1F\\u0192\\uA77C]","g":"[\\u0067\\u24D6\\uFF47\\u01F5\\u011D\\u1E21\\u011F\\u0121\\u01E7\\u0123\\u01E5\\u0260\\uA7A1\\u1D79\\uA77F]","h":"[\\u0068\\u24D7\\uFF48\\u0125\\u1E23\\u1E27\\u021F\\u1E25\\u1E29\\u1E2B\\u1E96\\u0127\\u2C68\\u2C76\\u0265]","hv":"[\\u0195]","i":"[\\u0069\\u24D8\\uFF49\\u00EC\\u00ED\\u00EE\\u0129\\u012B\\u012D\\u00EF\\u1E2F\\u1EC9\\u01D0\\u0209\\u020B\\u1ECB\\u012F\\u1E2D\\u0268\\u0131]","j":"[\\u006A\\u24D9\\uFF4A\\u0135\\u01F0\\u0249]","k":"[\\u006B\\u24DA\\uFF4B\\u1E31\\u01E9\\u1E33\\u0137\\u1E35\\u0199\\u2C6A\\uA741\\uA743\\uA745\\uA7A3]","l":"[\\u006C\\u24DB\\uFF4C\\u0140\\u013A\\u013E\\u1E37\\u1E39\\u013C\\u1E3D\\u1E3B\\u017F\\u0142\\u019A\\u026B\\u2C61\\uA749\\uA781\\uA747]","lj":"[\\u01C9]","m":"[\\u006D\\u24DC\\uFF4D\\u1E3F\\u1E41\\u1E43\\u0271\\u026F]","n":"[\\u006E\\u24DD\\uFF4E\\u01F9\\u0144\\u00F1\\u1E45\\u0148\\u1E47\\u0146\\u1E4B\\u1E49\\u019E\\u0272\\u0149\\uA791\\uA7A5]","nj":"[\\u01CC]","o":"[\\u006F\\u24DE\\uFF4F\\u00F2\\u00F3\\u00F4\\u1ED3\\u1ED1\\u1ED7\\u1ED5\\u00F5\\u1E4D\\u022D\\u1E4F\\u014D\\u1E51\\u1E53\\u014F\\u022F\\u0231\\u00F6\\u022B\\u1ECF\\u0151\\u01D2\\u020D\\u020F\\u01A1\\u1EDD\\u1EDB\\u1EE1\\u1EDF\\u1EE3\\u1ECD\\u1ED9\\u01EB\\u01ED\\u00F8\\u01FF\\u0254\\uA74B\\uA74D\\u0275]","oi":"[\\u01A3]","ou":"[\\u0223]","oo":"[\\uA74F]","p":"[\\u0070\\u24DF\\uFF50\\u1E55\\u1E57\\u01A5\\u1D7D\\uA751\\uA753\\uA755]","q":"[\\u0071\\u24E0\\uFF51\\u024B\\uA757\\uA759]","r":"[\\u0072\\u24E1\\uFF52\\u0155\\u1E59\\u0159\\u0211\\u0213\\u1E5B\\u1E5D\\u0157\\u1E5F\\u024D\\u027D\\uA75B\\uA7A7\\uA783]","s":"[\\u0073\\u24E2\\uFF53\\u015B\\u1E65\\u015D\\u1E61\\u0161\\u1E67\\u1E63\\u1E69\\u0219\\u015F\\u023F\\uA7A9\\uA785\\u1E9B]","ss":"[\\u00DF]","t":"[\\u0074\\u24E3\\uFF54\\u1E6B\\u1E97\\u0165\\u1E6D\\u021B\\u0163\\u1E71\\u1E6F\\u0167\\u01AD\\u0288\\u2C66\\uA787]","tz":"[\\uA729]","u":"[\\u0075\\u24E4\\uFF55\\u00F9\\u00FA\\u00FB\\u0169\\u1E79\\u016B\\u1E7B\\u016D\\u00FC\\u01DC\\u01D8\\u01D6\\u01DA\\u1EE7\\u016F\\u0171\\u01D4\\u0215\\u0217\\u01B0\\u1EEB\\u1EE9\\u1EEF\\u1EED\\u1EF1\\u1EE5\\u1E73\\u0173\\u1E77\\u1E75\\u0289]","v":"[\\u0076\\u24E5\\uFF56\\u1E7D\\u1E7F\\u028B\\uA75F\\u028C]","vy":"[\\uA761]","w":"[\\u0077\\u24E6\\uFF57\\u1E81\\u1E83\\u0175\\u1E87\\u1E85\\u1E98\\u1E89\\u2C73]","x":"[\\u0078\\u24E7\\uFF58\\u1E8B\\u1E8D]","y":"[\\u0079\\u24E8\\uFF59\\u1EF3\\u00FD\\u0177\\u1EF9\\u0233\\u1E8F\\u00FF\\u1EF7\\u1E99\\u1EF5\\u01B4\\u024F\\u1EFF]","z":"[\\u007A\\u24E9\\uFF5A\\u017A\\u1E91\\u017C\\u017E\\u1E93\\u1E95\\u01B6\\u0225\\u0240\\u2C6C\\uA763]"},"researchesTests":["contentHasTOC","contentHasShortParagraphs","contentHasAssets","keywordInTitle","keywordInMetaDescription","keywordInPermalink","keywordIn10Percent","keywordInContent","keywordInSubheadings","keywordInImageAlt","keywordDensity","keywordNotUsed","lengthContent","lengthPermalink","linksHasInternal","linksHasExternals","linksNotAllExternals","titleStartWithKeyword","titleSentiment","titleHasPowerWords","titleHasNumber","hasContentAI"],"hasRedirection":false,"hasBreadcrumb":false},"homeUrl":"https:\/\/www.leydolt.at\/en","objectID":2726,"objectType":"post","locale":"en","localeFull":"en_GB","overlayImages":{"play":{"name":"Play icon","url":"https:\/\/www.leydolt.at\/wp-content\/plugins\/seo-by-rank-math\/assets\/admin\/img\/icon-play.png","path":"\/www\/htdocs\/w01de3b6\/leydolt.at-2025\/wp-content\/plugins\/seo-by-rank-math\/assets\/admin\/img\/icon-play.png","position":"middle_center"},"gif":{"name":"GIF icon","url":"https:\/\/www.leydolt.at\/wp-content\/plugins\/seo-by-rank-math\/assets\/admin\/img\/icon-gif.png","path":"\/www\/htdocs\/w01de3b6\/leydolt.at-2025\/wp-content\/plugins\/seo-by-rank-math\/assets\/admin\/img\/icon-gif.png","position":"middle_center"}},"defautOgImage":"https:\/\/www.leydolt.at\/wp-content\/plugins\/seo-by-rank-math\/assets\/admin\/img\/social-placeholder.jpg","customPermalinks":true,"isUserRegistered":false,"autoSuggestKeywords":false,"connectSiteUrl":"https:\/\/rankmath.com\/auth?site=https%3A%2F%2Fwww.leydolt.at%2Fen&r=https%3A%2F%2Fwww.leydolt.at%2Fen%2Fwp-json%2Fwp%2Fv2%2Fpages%2F2139%3Fnonce%3D27cde26932","maxTags":5,"trendsIcon":"<svg viewBox=\"0 0 610 610\"><path d=\"M18.85,446,174.32,290.48l58.08,58.08L76.93,504a14.54,14.54,0,0,1-20.55,0L18.83,466.48a14.54,14.54,0,0,1,0-20.55Z\" style=\"fill:#4285f4\"\/><path d=\"M242.65,242.66,377.59,377.6l-47.75,47.75a14.54,14.54,0,0,1-20.55,0L174.37,290.43l47.75-47.75A14.52,14.52,0,0,1,242.65,242.66Z\" style=\"fill:#ea4335\"\/><polygon points=\"319.53 319.53 479.26 159.8 537.34 217.88 377.61 377.62 319.53 319.53\" style=\"fill:#fabb05\"\/><path d=\"M594.26,262.73V118.61h0a16.94,16.94,0,0,0-16.94-16.94H433.2a16.94,16.94,0,0,0-12,28.92L565.34,274.71h0a16.94,16.94,0,0,0,28.92-12Z\" style=\"fill:#34a853\"\/><rect width=\"610\" height=\"610\" style=\"fill:none\"\/><\/svg>","showScore":true,"siteFavIcon":"https:\/\/www.leydolt.at\/wp-content\/uploads\/2025\/01\/CL-Favion-2025-152-66x66.png","canUser":{"general":false,"advanced":false,"snippet":false,"social":false,"analysis":false,"analytics":false,"content_ai":false},"showKeywordIntent":true,"isPro":false,"is_front_page":false,"trendsUpgradeLink":"https:\/\/rankmath.com\/pricing\/?utm_source=Plugin&utm_medium=CE%20General%20Tab%20Trends&utm_campaign=WP","trendsUpgradeLabel":"Upgrade","trendsPreviewImage":"https:\/\/www.leydolt.at\/wp-content\/plugins\/seo-by-rank-math\/assets\/admin\/img\/trends-preview.jpg","currentEditor":false,"homepageData":{"assessor":{"powerWords":["a cut above","absolute","absolutely","absolutely lowest","absurd","abuse","accurate","accuse","achieve","actionable","adaptable","adequate","admit","adorable","advantage","advice","affordable","aggravate","aggressive","agitated","agonizing","agony","alarmed","alarming","alienated","aligned","alive","all-inclusive","alluring","always","amazing","amp","animated","annihilate","announcing","anonymous","antagonistic","anxious","apocalypse","appalled","approved","approving","argumentative","armageddon","arrogant","ass kicking","assault","assured","astonishing","astounded","astounding","at ease","atrocious","attack","attractive","audacity","authentic","authoritative","authority","avoid","aware","awe-inspiring","awesome","awkward","backbone","backdoor","backed","backlash","backstabbing","badass","balanced","banned","bargain","barrage","basic","battle","beaming","beat down","beating","beautiful","beauty","begging","behind the scenes","belief","belong","best","best-selling","better","beware","big","billion","black market","blacklisted","blast","blessed","blinded","blissful","blood","bloodbath","bloodcurdling","bloody","blunder","blushing","bold","bomb","bona","bona fide","bonanza","bonus","bootleg","bottom line","bountiful","brave","bravery","brazen","break","breaking","breakthrough","breathtaking","bright","brilliant","broke","brutal","budget","buffoon","bullshit","bully","bumbling","buy","cadaver","calm","cancel anytime","capable","captivate","captivating","carefree","case study","cash","cataclysmic","catapult","catastrophe","caution","censored","centered","certain","certainly","certified","challenge","charming","cheap","cheat","cheat-sheet","cheer","cheerful","child-like","clarity","classified","clear","clueless","collapse","colorful","colossal","comfortable","compare","competitive","complete","completely","completeness","comprehensive","compromise","compulsive","concealed","conclusive","condemning","condescending","confess","confession","confessions","confident","confidential","conquer","conscientious","constructive","content","contrary","controlling","controversial","convenient","convert","cool","cooperative","copy","corpse","corrupt","corrupting","courage","courageous","cover-up","covert","coward","cowardly","crammed","crave","crazy","create","creative","cringeworthy","cripple","crisis","critical","crooked","crush","crushing","damaging","danger","dangerous","daring","dazzling","dead","deadline","deadly","death","decadent","deceived","deceptive","deep","defiance","definitely","definitive","defying","dejected","delicious","delight","delighted","delightful","delirious","delivered","demoralizing","deplorable","depraved","desire","desperate","despicable","destiny","destroy","detailed","devastating","devoted","diagnosed","direct","dirty","disadvantages","disastrous","discount","discover","disdainful","disempowered","disgusted","disgusting","dishonest","disillusioned","disoriented","distracted","distraught","distressed","distrustful","divulge","document","dollar","dominate","doomed","double","doubtful","download","dreadful","dreamy","drive","drowning","dumb","dynamic","eager","earnest","easily","easy","economical","ecstatic","edge","effective","efficient","effortless","elated","eliminate","elite","embarrass","embarrassed","embarrassing","emergency","emerging","emphasize","empowered","enchant","encouraged","endorsed","energetic","energy","enormous","enraged","enthusiastic","envy","epic","epidemic","essential","ethical","euphoric","evil","exactly","exasperated","excellent","excited","excitement","exciting","exclusive","exclusivity","excruciating","exhilarated","expensive","expert","explode","exploit","explosive","exposed","exquisite","extra","extraordinary","extremely","exuberant","eye-opening","fail","fail-proof","failure","faith","famous","fantasy","fascinating","fatigued","faux","faux pas","fearless","feast","feeble","festive","fide","fierce","fight","final","fine","fired","first","first ever","flirt","fluid","focus","focused","fool","fooled","foolish","forbidden","force-fed","forever","forgiving","forgotten","formula","fortune","foul","frantic","free","freebie","freedom","frenzied","frenzy","frightening","frisky","frugal","frustrated","fulfill","fulfilled","full","fully","fun","fun-loving","fundamentals","funniest","funny","furious","gambling","gargantuan","genius","genuine","gift","gigantic","giveaway","glamorous","gleeful","glorious","glowing","goddamn","gorgeous","graceful","grateful","gratified","gravity","great","greatest","greatness","greed","greedy","gripping","grit","grounded","growth","guaranteed","guilt","guilt-free","gullible","guts","hack","happiness","happy","harmful","harsh","hate","have you heard","havoc","hazardous","healthy","heart","heartbreaking","heartwarming","heavenly","hell","helpful","helplessness","hero","hesitant","hidden","high tech","highest","highly effective","hilarious","hoak","hoax","honest","honored","hope","hopeful","horribly","horrific","horrifying","horror","hostile","how to","huge","humility","humor","hurricane","hurry","hypnotic","idiot","ignite","illegal","illusive","imagination","immediately","imminently","impatience","impatient","impenetrable","important","impressive","improved","in the zone","incapable","incapacitated","incompetent","inconsiderate","increase","incredible","indecisive","indulgence","indulgent","inexpensive","inferior","informative","infuriated","ingredients","innocent","innovative","insane","insecure","insider","insidious","inspired","inspiring","instant savings","instantly","instructive","insult","intel","intelligent","intense","interesting","intriguing","introducing","invasion","investment","iron-clad","ironclad","irresistible","irs","is here","jackpot","jail","jaw-dropping","jealous","jeopardy","jittery","jovial","joyous","jubilant","judgmental","jumpstart","just arrived","keen","kickass","kickstart","kill","killed","killing","kills","know it all","lame","largest","lascivious","last","last chance","last minute","latest","laugh","laughing","launch","launching","lavishly","lawsuit","lazy","left behind","legendary","legitimate","liberal","liberated","lick","lies","life-changing","lifetime","light","lighthearted","likely","limited","literally","little-known","loathsome","lonely","looming","loser","lost","love","lucrative","lunatic","lurking","lust","luxurious","luxury","lying","magic","magical","magnificent","mainstream","malicious","mammoth","manipulative","marked down","massive","master","masterclass","maul","mediocre","meditative","meltdown","memorability","memorable","menacing","mesmerizing","meticulous","mind-blowing","minimalist","miracle","mired","mischievous","misgiving","missing out","mistake","monetize","money","moneyback","moneygrubbing","monumental","most important","motivated","mouth-watering","murder","mystery","nail","naked","natural","naughty","nazi","nest egg","never","new","nightmare","no good","no obligation","no one talks about","no questions asked","no risk","no strings attached","non-controlling","noted","novelty","now","obnoxious","obsessed","obsession","obvious","odd","off-kilter","off-limits","off-the record","offensive","official","okay","on-demand","open-minded","opportunities","optimistic","ordeal","outlawed","outrageousness","outstanding","overcome","overjoyed","overnight","overwhelmed","packed","painful","painless","painstaking","pale","panic","panicked","paralyzed","pas","passionate","pathetic","pay zero","payback","perfect","peril","perplexed","perspective","pessimistic","pioneering","piranha","pitfall","pitiful","placid","plague","played","playful","pleased","pluck","plummet","plunge","poison","poisonous","polarizing","poor","popular","portfolio","pound","powerful","powerless","practical","preposterous","prestige","price","priceless","pride","prison","privacy","private","privileged","prize","problem","productive","professional","profit","profitable","profound","promiscuous","promising","promote","protect","protected","proven","provocative","provoke","psychological","pummel","punch","punish","pus","quadruple","quality","quarrelsome","quick","quick-start","quickly","quiet","radiant","rare","ravenous","rebellious","recession-proof","reckoning","recognized","recommend","recreate","reduced","reflective","refugee","refund","refundable","reject","relaxed","release","relentless","reliable","remarkable","replicate","report","reprimanding","repulsed","repulsive","research","resentful","resourceful","responsible","responsive","rested","restricted","results","retaliating","reveal","revealing","revenge","revengeful","revisited","revolting","revolutionary","reward","rich","ridiculous","risky","riveting","rookie","rowdy","ruin","rules","ruthless","sabotaging","sacred","sadistic","sadly","sadness","safe","safety","sale","sampler","sarcastic","satisfied","savage","savagery","save","savings","savvy","scam","scandal","scandalous","scarce","scared","scary","scornful","scream","searing","secret","secret agenda","secret plot","secrets","secure","security","seductive","seething","seize","selected","self-hating","self-sufficient","sensational","senseless","sensual","serene","seriously","severe","sex","sexy","shaking","shameful","shameless","shaming","shatter","shellacking","shocking","should","shrewd","sick and tired","signs","silly","simple","simplicity","simplified","simplistic","sincere","sinful","sins","six-figure","sizable","sizzle","sizzled","sizzles","sizzling","sizzlingly","skill","skyrocket","slaughter","slave","sleazy","sleeping","sly","smash","smiling","smug","smuggle","smuggled","sneak-peek","sneaky","sniveling","snob","snooty","snotty","soar","soaring","solid","solution","spank","special","spectacular","speedy","spell-binding","spine","spirit","spirited","spiteful","spoiler","spontaneous","spotlight","spunky","squirming","stable","staggering","startling","steady","steal","stealthy","steamy","step-by-step","still","stoic","stop","strange","strangle","strategy","stressed","strong","strongly suggest","struggle","stuck up","studies","stunning","stupid","stupid-simple","sturdy","sublime","succeed","success","successful","suck","suddenly","suffer","sunny","super","super-human","superb","supercharge","superior","supported","supportive","sure","sure fire","surefire","surge","surging","surprise","surprised","surprising","survival","survive","suspicious","sweaty","swoon","swoon-worthy","tailspin","tank","tantalizing","targeted","tawdry","tease","technology","teetering","tempting","tenacious","tense","terrible","terrific","terrified","terrifying","terror","terrorist","tested","thankful","the truth","threaten","threatened","thrilled","thrilling","thug","ticked off","tickled","timely","today","torture","toxic","track record","trade secret","tragedy","tragic","transform","transparency","trap","trapped","trauma","traumatized","treacherous","treasure","tremendous","trend","tricks","triggers","triple","triumph","truly","trusting","trustworthy","truth","truthful","turbo-charge","turbocharges","tweaks","twitching","ultimate","unadulterated","unassuming","unauthorized","unbelievable","unburdened","uncaring","uncensored","uncertain","uncomfortable","unconditional","uncontrollable","unconventional","uncovered","undeniable","under priced","undercover","underground","underhanded","underused","unexpected","unforgettable","unheard of","unhurried","uninterested","unique","unjustified","unknowingly","unleashed","unlimited","unlock","unparalleled","unpopular","unreliable","unresponsive","unseen","unstable","unstoppable","unsure","unsurpassed","untapped","unusual","up-sell","upbeat","uplifted","uplifting","urge","urgent","useful","useless","validate","valor","valuable","value","vanquish","vaporize","venomous","verify","vibrant","vicious","victim","victory","vigorous","vilified","vindictive","violated","violent","volatile","vulnerable","waiting","wanted","wanton","warning","waste","weak","wealth","weird","what no one tells you","whip","whopping","wicked","wild","willpower","withheld","wonderful","wondrous","woozy","world","worry","worst","worthwhile","wounded","wreaking","youthful","zen","zinger"],"diacritics":true,"researchesTests":["contentHasTOC","contentHasShortParagraphs","contentHasAssets","keywordInTitle","keywordInMetaDescription","keywordInPermalink","keywordIn10Percent","keywordInContent","keywordInSubheadings","keywordInImageAlt","keywordDensity","keywordNotUsed","lengthContent","lengthPermalink","linksHasInternal","linksHasExternals","linksNotAllExternals","titleStartWithKeyword","titleSentiment","titleHasPowerWords","titleHasNumber","hasContentAI"],"hasBreadcrumb":false,"serpData":{"title":"%sitename% %page% %sep% %sitedesc%","description":"","titleTemplate":"%sitename% %page% %sep% %sitedesc%","descriptionTemplate":"","focusKeywords":"","breadcrumbTitle":"Home","robots":{"index":true},"advancedRobots":[],"facebookTitle":"","facebookDescription":"","facebookImage":"","facebookImageID":""}}},"tocTitle":"Table of Contents","tocExcludeHeadings":[],"listStyle":"ul"},"_links":{"self":[{"href":"https:\/\/www.leydolt.at\/en\/wp-json\/wp\/v2\/pages\/2139","targetHints":{"allow":["GET"]}}],"collection":[{"href":"https:\/\/www.leydolt.at\/en\/wp-json\/wp\/v2\/pages"}],"about":[{"href":"https:\/\/www.leydolt.at\/en\/wp-json\/wp\/v2\/types\/page"}],"author":[{"embeddable":true,"href":"https:\/\/www.leydolt.at\/en\/wp-json\/wp\/v2\/users\/3"}],"replies":[{"embeddable":true,"href":"https:\/\/www.leydolt.at\/en\/wp-json\/wp\/v2\/comments?post=2139"}],"version-history":[{"count":10,"href":"https:\/\/www.leydolt.at\/en\/wp-json\/wp\/v2\/pages\/2139\/revisions"}],"predecessor-version":[{"id":2801,"href":"https:\/\/www.leydolt.at\/en\/wp-json\/wp\/v2\/pages\/2139\/revisions\/2801"}],"wp:attachment":[{"href":"https:\/\/www.leydolt.at\/en\/wp-json\/wp\/v2\/media?parent=2139"}],"curies":[{"name":"wp","href":"https:\/\/api.w.org\/{rel}","templated":true}]}}